{"id":927,"date":"2017-01-15T18:22:46","date_gmt":"2017-01-15T17:22:46","guid":{"rendered":"http:\/\/ccelaforadada.cat\/blog\/?page_id=927"},"modified":"2018-01-05T18:43:52","modified_gmt":"2018-01-05T17:43:52","slug":"sortides-2017","status":"publish","type":"page","link":"http:\/\/ccelaforadada.cat\/blog\/sortides-2017\/","title":{"rendered":"Sortides 2017"},"content":{"rendered":"<p><!------------------------------------------------------------------------------------------------------------------------- Calendaris\n--------------------------------------------------------------------------------------------------------------------------><\/p>\n<p><a title=\"Clic per a descarregar el calendari\" href=\"http:\/\/ccelaforadada.cat\/blog\/wp-content\/uploads\/cal_2017_1.pdf\" target=\"_blank\">Calendari del 1\u00ba semestre 2017<\/a><br \/>\n<a title=\"Clic per a descarregar el calendari\" href=\"http:\/\/ccelaforadada.cat\/blog\/wp-content\/uploads\/cal_2017_2.pdf\" target=\"_blank\">Calendari del 2\u00ba semestre 2017<\/a><\/p>\n<p><!-------------------------------------------------------------------------------------------------------------------------\n Tabla: Sortides del 2017\n--------------------------------------------------------------------------------------------------------------------------><\/p>\n<table border=\"4\" cellspacing=\"2\">\n<tbody>\n<tr>\n<th scope=\"col\">Data<\/th>\n<th scope=\"col\">Lloc<\/th>\n<th scope=\"col\"><\/th>\n<th scope=\"col\"><\/th>\n<\/tr>\n<p><!---------------------------------------------------- Una sortida ----------------------------------------------------><\/p>\n<tr>\n<td width=\"15%\">03-12-2017<\/td>\n<td width=\"50%\">Torre de Font de Quinto<br \/>\nErmita de Solicr\u00fa<br \/>\n(Campred\u00f3)<\/td>\n<td width=\"15%\"><\/a><\/td>\n<td width=\"20%\"><a href=\"http:\/\/ccelaforadada.cat\/blog\/wp-content\/uploads\/Sortida-2017-12-03-Torre-de-la-Font-de-Quinto.pdf\" target=\"_blank\" rel=\"noopener noreferrer\">Full de sortida<\/a><\/td>\n<\/tr>\n<p><!---------------------------------------------------- Una sortida ----------------------------------------------------><\/p>\n<tr>\n<td width=\"15%\">26-11-2017<\/td>\n<td width=\"50%\">Neteja de senderes<br \/>\nRac\u00f3 del Xindo i Candro Sant Roc<\/td>\n<td width=\"15%\"><a href=\"https:\/\/photos.app.goo.gl\/cMy36bb2dcV4xFkH3\" target=\"_blank\">Fotos<\/a><\/td>\n<td width=\"20%\"><a href=\"http:\/\/ccelaforadada.cat\/blog\/wp-content\/uploads\/Sortida-2017-11-26-Neteja-de-senderes.pdf\" target=\"_blank\" rel=\"noopener noreferrer\">Full de sortida<\/a><\/td>\n<\/tr>\n<p><!---------------------------------------------------- Una sortida ----------------------------------------------------><\/p>\n<tr>\n<td width=\"15%\">19-11-2017<\/td>\n<td width=\"50%\">Puig de la Nau (Benicarl\u00f3)<br \/>\nD\u00eda del dinar de soci<\/td>\n<td width=\"15%\"><a href=\"https:\/\/photos.app.goo.gl\/AKQlzddV8IA0RXKX2\" target=\"_blank\">Fotos<\/a><\/td>\n<td width=\"20%\"><a href=\"http:\/\/ccelaforadada.cat\/blog\/wp-content\/uploads\/Sortida-2017-11-19-Puig-de-la-Nau.pdf\" target=\"_blank\" rel=\"noopener noreferrer\">Full de sortida<\/a><\/td>\n<\/tr>\n<p><!---------------------------------------------------- Una sortida ----------------------------------------------------><\/p>\n<tr>\n<td width=\"15%\">05-11-2017<\/td>\n<td width=\"50%\">Barranc i cam\u00ed de l&#8217;Aiguassera<br \/>\nBarranc de Solito<br \/>\n(Sant Carles de la R\u00e0pita)<\/td>\n<td width=\"15%\"><\/td>\n<td width=\"20%\"><a href=\"http:\/\/ccelaforadada.cat\/blog\/wp-content\/uploads\/Sortida-2017-11-05-Barranc-i-cam\u00ed-de-laiguassera.pdf\" target=\"_blank\" rel=\"noopener noreferrer\">Full de sortida<\/a><\/td>\n<\/tr>\n<p><!---------------------------------------------------- Una sortida ----------------------------------------------------><\/p>\n<tr>\n<td width=\"15%\">29-10-2017<\/td>\n<td width=\"50%\">Oliveres centenaries i millenaries de la R\u00e0pita<\/td>\n<td width=\"15%\"><a href=\"https:\/\/photos.app.goo.gl\/0HBeMvuCLSXCfnGs2\" target=\"_blank\">Fotos<\/a><\/td>\n<td width=\"20%\"><a href=\"http:\/\/ccelaforadada.cat\/blog\/wp-content\/uploads\/Sortida-2017-10-29-Oliveres-centenaries-i-millenaries-de-la-R\u00e0pita.pdf\" target=\"_blank\">Full de sortida<\/a><\/td>\n<\/tr>\n<p><!---------------------------------------------------- Una sortida ----------------------------------------------------><\/p>\n<tr>\n<td width=\"15%\">21-10-2017<\/td>\n<td width=\"50%\">Sortida de tardor 2017<br \/>\nCastellfollit de la Roca<br \/>\n(La Garrotxa)<\/td>\n<td width=\"15%\"><a href=\"https:\/\/photos.app.goo.gl\/BR9yaBtO2wrIqtNb2\" target=\"_blank\">Fotos<\/a><\/td>\n<td width=\"20%\"><a href=\"http:\/\/ccelaforadada.cat\/blog\/wp-content\/uploads\/Sortida-2017-10-21-Sortida-de-tardor.pdf\" target=\"_blank\">Full de sortida<\/a><\/td>\n<\/tr>\n<p><!---------------------------------------------------- Una sortida ----------------------------------------------------><\/p>\n<tr>\n<td width=\"15%\">08-10-2017<\/td>\n<td width=\"50%\">Muntanya de Santa B\u00e0rbara i Convent de Sant Salvador<br \/>\n(Horta de Sant Joan)<\/td>\n<td width=\"15%\"><a href=\"https:\/\/photos.app.goo.gl\/JnT5pgYTWZaumCg63\" target=\"_blank\">Fotos<\/a><\/td>\n<td width=\"20%\"><a href=\"http:\/\/ccelaforadada.cat\/blog\/wp-content\/uploads\/Sortida-2017-10-08-Muntanya-de-Santa-Barbara.pdf\" target=\"_blank\">Full de sortida<\/a><\/td>\n<\/tr>\n<tr>\n<td width=\"15%\">24-09-2017<\/td>\n<td width=\"50%\">Cova del Rastre &#8211; Cova Cambra<\/td>\n<td width=\"15%\"><a href=\"https:\/\/photos.app.goo.gl\/96UhJCBFqAxxWegq2\" target=\"_blank\">Fotos<\/a><\/td>\n<td width=\"20%\"><a href=\"http:\/\/ccelaforadada.cat\/blog\/wp-content\/uploads\/Sortida-2017-09-24-Cova-del-Rastre-i-Cova-Cambra.pdf\" target=\"_blank\">Full de sortida<\/a><\/td>\n<\/tr>\n<p><!---------------------------------------------------- Una sortida ----------------------------------------------------><\/p>\n<tr>\n<td width=\"15%\">17-09-2017<\/td>\n<td width=\"50%\">Riu Brugent &#8211; Toll de l&#8217;Esqueix<br \/>\n(Alt Camp)<\/td>\n<td width=\"15%\"><a href=\"https:\/\/photos.app.goo.gl\/lKm7rRlF7Sx9hqW42\" target=\"_blank\">Fotos<\/a><\/td>\n<td width=\"20%\"><a href=\"http:\/\/ccelaforadada.cat\/blog\/wp-content\/uploads\/Sortida-2017-09-17-Riu-Brugent.pdf\" target=\"_blank\">Full de sortida<\/a><\/td>\n<\/tr>\n<p><!---------------------------------------------------- Una sortida ----------------------------------------------------><\/p>\n<tr>\n<td width=\"15%\">08-09-2017<br \/>\n09-09-2017<br \/>\n10-09-2017<\/td>\n<td width=\"50%\">Travessa 6 estanys (Pirineus)<br \/>\nAndorra &#8211; Fran\u00e7a<\/td>\n<td width=\"15%\"><\/td>\n<td width=\"20%\"><a href=\"http:\/\/ccelaforadada.cat\/blog\/wp-content\/uploads\/Sortida-2017-09-08-Travessa-6-estanys.pdf\" target=\"_blank\">Full de sortida<\/a><\/td>\n<\/tr>\n<p><!---------------------------------------------------- Una sortida ----------------------------------------------------><\/p>\n<tr>\n<td width=\"15%\">03-09-2017<\/td>\n<td width=\"50%\">Desembocadura del riu de La S\u00e8nia<\/td>\n<td width=\"15%\"><a href=\"https:\/\/photos.app.goo.gl\/7gTFP3V5VHtBYPKF3\" target=\"_blank\">Fotos<\/a><\/td>\n<td width=\"20%\"><a href=\"http:\/\/ccelaforadada.cat\/blog\/wp-content\/uploads\/Sortida-2017-09-03-Desembocadura-del-riu-de-la-S\u00e8nia.pdf\" target=\"_blank\">Full de sortida<\/a><\/td>\n<\/tr>\n<p><!---------------------------------------------------- Una sortida ----------------------------------------------------><\/p>\n<tr>\n<td width=\"15%\">18-06-2017<\/td>\n<td width=\"50%\">Lo Marjal (Pe\u00f1\u00edscola)<\/td>\n<td width=\"15%\"><\/td>\n<td width=\"20%\"><a href=\"http:\/\/ccelaforadada.cat\/blog\/wp-content\/uploads\/Sortida-2017-06-18-Marjal-de-Pe\u00f1\u00edscola.pdf\" target=\"_blank\">Full de sortida<\/a><\/td>\n<\/tr>\n<p><!---------------------------------------------------- Una sortida ----------------------------------------------------><\/p>\n<tr>\n<td width=\"15%\">10-06-2017<\/td>\n<td width=\"50%\">XIX Pujada a la Foradada en lluna plena<\/td>\n<td width=\"15%\"><a href=\"https:\/\/goo.gl\/photos\/936tckJRfDZKxWUYA\" target=\"_blank\">Fotos<\/a><\/td>\n<td width=\"20%\"><a href=\"http:\/\/ccelaforadada.cat\/blog\/wp-content\/uploads\/XIX-Pujada-a-la-Foradada-2017-1.jpg\" target=\"_blank\">Full de sortida<\/a><\/td>\n<\/tr>\n<p><!---------------------------------------------------- Una sortida ----------------------------------------------------><\/p>\n<tr>\n<td width=\"15%\">28-05-2017<\/td>\n<td width=\"50%\">Sortida bot\u00e0nica per Ulldecona<br \/>\nPlantes end\u00e8miques<\/td>\n<td width=\"15%\"><a href=\"https:\/\/goo.gl\/photos\/AzXjavBzytnWSPfZA\" target=\"_blank\">Fotos<\/a><\/td>\n<td width=\"20%\"><a href=\"http:\/\/ccelaforadada.cat\/blog\/wp-content\/uploads\/Sortida-2017-05-28-Sortida-bot\u00e0nica-per-Ulldecona.pdf\" target=\"_blank\">Full de sortida<\/a><\/td>\n<\/tr>\n<p><!---------------------------------------------------- Una sortida ----------------------------------------------------><\/p>\n<tr>\n<td width=\"15%\">21-05-2017<\/td>\n<td width=\"50%\">Caro &#8211; La Barcina<\/td>\n<td width=\"15%\"><\/td>\n<td width=\"20%\"><a href=\"http:\/\/ccelaforadada.cat\/blog\/wp-content\/uploads\/Sortida-2017-05-21-Caro-La-Barcina.pdf\" target=\"_blank\">Full de sortida<\/a><\/td>\n<\/tr>\n<p><!---------------------------------------------------- Una sortida ----------------------------------------------------><\/p>\n<tr>\n<td width=\"15%\">14-05-2017<\/td>\n<td width=\"50%\">Vallibona &#8211; Mol\u00ed Rico<\/td>\n<td width=\"15%\"><a href=\"https:\/\/goo.gl\/photos\/46VeNpQbNPP4EinE6\" target=\"_blank\">Fotos<\/a><\/td>\n<td width=\"20%\"><a href=\"http:\/\/ccelaforadada.cat\/blog\/wp-content\/uploads\/Sortida-2017-05-14-Vallibona-Moli-Rico.pdf\" target=\"_blank\">Full de sortida<\/a><\/td>\n<\/tr>\n<p><!---------------------------------------------------- Una sortida ----------------------------------------------------><\/p>\n<tr>\n<td width=\"15%\">06-05-2017<br \/>\n07-05-2017<\/td>\n<td width=\"50%\">Cap de Creus<\/td>\n<td width=\"15%\"><\/td>\n<td width=\"20%\"><a href=\"http:\/\/ccelaforadada.cat\/blog\/wp-content\/uploads\/Sortida-2017-05-06-Cap-de-Creus.pdf\" target=\"_blank\">Full de sortida<\/a><\/td>\n<\/tr>\n<p><!---------------------------------------------------- Una sortida ----------------------------------------------------><\/p>\n<tr>\n<td width=\"15%\">23-04-2017<\/td>\n<td width=\"50%\">Neteja de senders<br \/>\nFont de Burg\u00e0, Font del Llop<\/td>\n<td width=\"15%\"><\/td>\n<td width=\"20%\"><a href=\"http:\/\/ccelaforadada.cat\/blog\/wp-content\/uploads\/Sortida-2017-04-23-Neteja-de-senderes.pdf\" target=\"_blank\">Full de sortida<\/a><\/td>\n<\/tr>\n<p><!---------------------------------------------------- Una sortida ----------------------------------------------------><\/p>\n<tr>\n<td width=\"15%\">02-04-2017<\/td>\n<td width=\"50%\">Punta del Duc<br \/>\nPobla de Massaluca<\/td>\n<td width=\"15%\"><a href=\"https:\/\/goo.gl\/photos\/CrzjoNrZPnKAkZ9y6\" target=\"_blank\">Fotos<\/a><\/td>\n<td width=\"20%\"><a href=\"http:\/\/ccelaforadada.cat\/blog\/wp-content\/uploads\/Sortida-2017-04-02-Punta-del-Duc-La-pobla-de-Massaluca.pdf\" target=\"_blank\">Full de sortida<\/a><\/td>\n<\/tr>\n<p><!---------------------------------------------------- Una sortida ----------------------------------------------------><\/p>\n<tr>\n<td width=\"15%\">19-03-2017<\/td>\n<td width=\"50%\">Catedral de Tortosa<br \/>\nCastell de la Suda<\/td>\n<td width=\"15%\"><a href=\"https:\/\/goo.gl\/photos\/iBC8QMzsroC2qiQD8\" target=\"_blank\">Fotos<\/a><\/td>\n<td width=\"20%\"><a href=\"http:\/\/ccelaforadada.cat\/blog\/wp-content\/uploads\/Sortida-2017-03-19-Catedral-de-Tortosa.pdf\" target=\"_blank\">Full de sortida<\/a><\/td>\n<\/tr>\n<p><!---------------------------------------------------- Una sortida ----------------------------------------------------><\/p>\n<tr>\n<td width=\"15%\">12-03-2017<\/td>\n<td width=\"50%\">Santuari de Vallivana<br \/>\nCim El Turmell<\/td>\n<td width=\"15%\"><\/td>\n<td width=\"20%\"><a href=\"http:\/\/ccelaforadada.cat\/blog\/wp-content\/uploads\/Sortida-2017-03-12-Santuari-de-Vallivana.pdf\" target=\"_blank\">Full de sortida<\/a><\/td>\n<\/tr>\n<p><!---------------------------------------------------- Una sortida ----------------------------------------------------><\/p>\n<tr>\n<td width=\"15%\">05-02-2017<\/td>\n<td width=\"50%\">Pant\u00e0 del corral nou<br \/>\n(Freginals)<\/td>\n<td width=\"15%\"><\/td>\n<td width=\"20%\"><a href=\"http:\/\/ccelaforadada.cat\/blog\/wp-content\/uploads\/Sortida-2017-02-05-Pant\u00e0-del-corral-nou.pdf\" target=\"_blank\">Full de sortida<\/a><\/td>\n<\/tr>\n<p><!---------------------------------------------------- Una sortida ----------------------------------------------------><\/p>\n<tr>\n<td width=\"15%\">22-01-2017<\/td>\n<td width=\"50%\">Puig de la Nau<br \/>\n(Benicarl\u00f3)<\/p>\n<p><span style=\"color: #ff0000;\">sortida ajornada per mal temps<\/span><\/td>\n<td width=\"15%\"><\/td>\n<td width=\"20%\"><a href=\"http:\/\/ccelaforadada.cat\/blog\/wp-content\/uploads\/Sortida-2017-01-22-Puig-de-la-Nau.pdf\" target=\"_blank\">Full de sortida<\/a><\/td>\n<\/tr>\n<p><!---------------------------------------------------- Una sortida ----------------------------------------------------><\/p>\n<tr>\n<td width=\"15%\">08-01-2107<\/td>\n<td width=\"50%\">Corral de Camassemes<br \/>\n(Sant Carles de la R\u00e0pita)<\/td>\n<td width=\"15%\"><\/td>\n<td width=\"20%\"><a href=\"http:\/\/ccelaforadada.cat\/blog\/wp-content\/uploads\/Sortida-2017-01-08-Corral-de-Camassemes.pdf\" target=\"_blank\">Full de sortida<\/a><\/td>\n<\/tr>\n<\/tbody>\n<\/table>\n","protected":false},"excerpt":{"rendered":"<p>Calendari del 1\u00ba semestre 2017 Calendari del 2\u00ba semestre 2017 Data Lloc 03-12-2017 Torre de Font de Quinto Ermita de Solicr\u00fa (Campred\u00f3) Full de sortida 26-11-2017 Neteja de senderes Rac\u00f3 del Xindo i Candro Sant Roc Fotos Full de sortida 19-11-2017 Puig de la Nau (Benicarl\u00f3) D\u00eda del dinar de soci Fotos Full de sortida 05-11-2017 Barranc i cam\u00ed de l&#8217;Aiguassera Barranc de Solito (Sant Carles de la R\u00e0pita) Full de sortida 29-10-2017 Oliveres centenaries i millenaries de la R\u00e0pita Fotos Full de sortida 21-10-2017 Sortida de tardor 2017 Castellfollit de la Roca (La Garrotxa) Fotos Full de sortida 08-10-2017 Muntanya de Santa B\u00e0rbara i Convent de Sant Salvador (Horta de Sant Joan) Fotos Full de sortida 24-09-2017 Cova del Rastre &#8211; Cova Cambra Fotos Full de sortida 17-09-2017 Riu Brugent &#8211; Toll de l&#8217;Esqueix (Alt Camp) Fotos Full de sortida 08-09-2017 09-09-2017 10-09-2017 Travessa 6 estanys (Pirineus) Andorra &#8211; Fran\u00e7a Full de sortida 03-09-2017 Desembocadura del riu de La S\u00e8nia Fotos Full de sortida 18-06-2017 Lo Marjal (Pe\u00f1\u00edscola) Full de sortida 10-06-2017 XIX Pujada a la Foradada en lluna plena Fotos Full de sortida 28-05-2017 Sortida bot\u00e0nica per Ulldecona Plantes end\u00e8miques Fotos Full de sortida 21-05-2017 Caro &#8211; La Barcina Full de sortida 14-05-2017 Vallibona &#8211; Mol\u00ed Rico Fotos Full de sortida 06-05-2017 07-05-2017 Cap de Creus Full de sortida 23-04-2017 Neteja de senders Font de Burg\u00e0, Font del Llop Full de sortida 02-04-2017 Punta del Duc Pobla de Massaluca Fotos Full de sortida 19-03-2017 Catedral de Tortosa Castell <a class=\"read-more\" href=\"http:\/\/ccelaforadada.cat\/blog\/sortides-2017\/\">Continue Reading &#8594;<\/a><\/p>\n","protected":false},"author":1,"featured_media":0,"parent":0,"menu_order":0,"comment_status":"closed","ping_status":"closed","template":"","meta":{"footnotes":""},"class_list":["post-927","page","type-page","status-publish","hentry"],"_links":{"self":[{"href":"http:\/\/ccelaforadada.cat\/blog\/wp-json\/wp\/v2\/pages\/927","targetHints":{"allow":["GET"]}}],"collection":[{"href":"http:\/\/ccelaforadada.cat\/blog\/wp-json\/wp\/v2\/pages"}],"about":[{"href":"http:\/\/ccelaforadada.cat\/blog\/wp-json\/wp\/v2\/types\/page"}],"author":[{"embeddable":true,"href":"http:\/\/ccelaforadada.cat\/blog\/wp-json\/wp\/v2\/users\/1"}],"replies":[{"embeddable":true,"href":"http:\/\/ccelaforadada.cat\/blog\/wp-json\/wp\/v2\/comments?post=927"}],"version-history":[{"count":42,"href":"http:\/\/ccelaforadada.cat\/blog\/wp-json\/wp\/v2\/pages\/927\/revisions"}],"predecessor-version":[{"id":1022,"href":"http:\/\/ccelaforadada.cat\/blog\/wp-json\/wp\/v2\/pages\/927\/revisions\/1022"}],"wp:attachment":[{"href":"http:\/\/ccelaforadada.cat\/blog\/wp-json\/wp\/v2\/media?parent=927"}],"curies":[{"name":"wp","href":"https:\/\/api.w.org\/{rel}","templated":true}]}}