{"id":828,"date":"2016-01-02T09:16:09","date_gmt":"2016-01-02T08:16:09","guid":{"rendered":"http:\/\/ccelaforadada.cat\/blog\/?page_id=828"},"modified":"2017-01-15T18:30:16","modified_gmt":"2017-01-15T17:30:16","slug":"sortides-2016","status":"publish","type":"page","link":"http:\/\/ccelaforadada.cat\/blog\/sortides-2016\/","title":{"rendered":"Sortides 2016"},"content":{"rendered":"<p><!------------------------------------------------------------------------------------------------------------------------- Calendaris\n--------------------------------------------------------------------------------------------------------------------------><\/p>\n<p><a title=\"Clic per a descarregar el calendari\" href=\"http:\/\/ccelaforadada.cat\/blog\/wp-content\/uploads\/cal_2016_1.pdf\" target=\"_blank\">Calendari del 1\u00ba semestre 2016<\/a><\/p>\n<p><a title=\"Clic per a descarregar el calendari\" href=\"http:\/\/ccelaforadada.cat\/blog\/wp-content\/uploads\/cal_2016_2.pdf\" target=\"_blank\">Calendari del 2\u00ba semestre 2016<\/a><\/p>\n<p><!------------------------------------------------------------------------------------------------------------------------- Tabla: Sortides del 2016 --------------------------------------------------------------------------------------------------------------------------><\/p>\n<table border=\"4\" cellspacing=\"2\">\n<tbody>\n<tr>\n<th scope=\"col\">Data<\/th>\n<th scope=\"col\">Lloc<\/th>\n<th scope=\"col\"><\/th>\n<th scope=\"col\"><\/th>\n<\/tr>\n<p><!---------------------------------------------------- Una sortida ----------------------------------------------------><\/p>\n<tr>\n<td width=\"15%\">04-12-2106<\/td>\n<td width=\"50%\">Desembocadura del riu de La S\u00e9nia<br \/>\nSol de Riu (Vinar\u00f2s per la costa)<\/td>\n<td width=\"15%\"><\/td>\n<td width=\"20%\"><a href=\"http:\/\/ccelaforadada.cat\/blog\/wp-content\/uploads\/Sortida-2016-12-04-Desembocadura-del-riu-La-Senia.pdf\" target=\"_blank\">Full de sortida<\/a><\/td>\n<\/tr>\n<p><!---------------------------------------------------- Una sortida ----------------------------------------------------><\/p>\n<tr>\n<td width=\"15%\">20-11-2016<\/td>\n<td width=\"50%\">Oliveres mil.len\u00e0ries<br \/>\n(Traiguera, La Jana, Canet lo Roig)<\/td>\n<td width=\"15%\"><a href=\"https:\/\/goo.gl\/photos\/SFgCBGYvKwX8pf3u5\" target=\"_blank\">Fotos<\/a><\/td>\n<td width=\"20%\"><a href=\"http:\/\/ccelaforadada.cat\/blog\/wp-content\/uploads\/Sortida-2016-11-20-Oliveres-mil.lenaries-Traiguera.pdf\" target=\"_blank\">Full de sortida<\/a><\/td>\n<\/tr>\n<p><!---------------------------------------------------- Una sortida ----------------------------------------------------><\/p>\n<tr>\n<td width=\"15%\">06-11-2016<\/td>\n<td width=\"50%\">Monestir i Ermita del Montsi\u00e0<br \/>\nTorre de Poquessalses<\/td>\n<td width=\"15%\"><\/td>\n<td width=\"20%\"><a href=\"http:\/\/ccelaforadada.cat\/blog\/wp-content\/uploads\/Sortida-2016-11-06-Monestir-i-Ermita-del-Montsi\u00e0.pdf\" target=\"_blank\">Full de sortida<\/a><\/td>\n<\/tr>\n<p><!---------------------------------------------------- Una sortida ----------------------------------------------------><\/p>\n<tr>\n<td width=\"15%\">22-10-2106<br \/>\n23-10-2016<\/td>\n<td width=\"50%\">Sortida de tard\u00f3:<br \/>\nBosc de la Grevolosa<br \/>\nLa Foradada de Cantonigr\u00f3s<br \/>\nSantuari de Cabrera<\/td>\n<td width=\"15%\"><a href=\"https:\/\/goo.gl\/photos\/bGKfpFTjppHG13HK6\" target=\"_blank\">Fotos<\/a><\/td>\n<td width=\"20%\"><a href=\"http:\/\/ccelaforadada.cat\/blog\/wp-content\/uploads\/Sortida-2016-10-22-Sortida-de-tardor1.pdf\" target=\"_blank\">Full de sortida<\/a><\/td>\n<\/tr>\n<p><!---------------------------------------------------- Una sortida ----------------------------------------------------><\/p>\n<tr>\n<td width=\"15%\">02-10-2106<\/td>\n<td width=\"50%\">Cam\u00ed de ronda:<br \/>\nTorredembarra, Altafulla, i Castell de Tamarit<\/td>\n<td width=\"15%\"><a href=\"https:\/\/goo.gl\/photos\/xR4rfSrAjDJaZYi97\" target=\"_blank\">Fotos<\/a><\/td>\n<td width=\"20%\"><a href=\"http:\/\/ccelaforadada.cat\/blog\/wp-content\/uploads\/Sortida-2016-10-02-Cam\u00ed-de-ronda-Torredembarra-Tarragona.pdf\" target=\"_blank\">Full de sortida<\/a><\/td>\n<\/tr>\n<p><!---------------------------------------------------- Una sortida ----------------------------------------------------><\/p>\n<tr>\n<td width=\"15%\">09-10-2106<\/td>\n<td width=\"50%\">Neteja de senderes<br \/>\nContinuaci\u00f3 de Mataredona a la Foradada<\/td>\n<td width=\"15%\"><a href=\"https:\/\/goo.gl\/photos\/xd9EphqQi4cAjr9H6\" target=\"_blank\">Fotos<\/a><\/td>\n<td width=\"20%\"><a href=\"http:\/\/ccelaforadada.cat\/blog\/wp-content\/uploads\/Sortida-2016-10-09-Neteja-de-senderes.pdf\" target=\"_blank\">Full de sortida<\/a><\/td>\n<\/tr>\n<p><!---------------------------------------------------- Una sortida ----------------------------------------------------><\/p>\n<tr>\n<td width=\"15%\">25-09-2106<\/td>\n<td width=\"50%\">Meandre de Flitx<br \/>\nParc natural de Sebes<\/td>\n<td width=\"15%\"><a href=\"https:\/\/goo.gl\/photos\/GerQyPGhrR42Undg9\" target=\"_blank\">Fotos<\/a><\/td>\n<td width=\"20%\"><a href=\"http:\/\/ccelaforadada.cat\/blog\/wp-content\/uploads\/Sortida-2016-09-25-Meandre-de-Flitx.pdf\" target=\"_blank\">Full de sortida<\/a><\/td>\n<\/tr>\n<p><!---------------------------------------------------- Una sortida ----------------------------------------------------><\/p>\n<tr>\n<td width=\"15%\">18-09-2106<\/td>\n<td width=\"50%\">Manteniment de senders:<br \/>\nPintura del GR92 y PR83<\/td>\n<td width=\"15%\"><\/td>\n<td width=\"20%\"><a href=\"http:\/\/ccelaforadada.cat\/blog\/wp-content\/uploads\/Sortida-2016-09-18-Neteja-de-senderes1.pdf\" target=\"_blank\">Full de sortida<\/a><\/td>\n<\/tr>\n<p><!---------------------------------------------------- Una sortida ----------------------------------------------------><\/p>\n<tr>\n<td width=\"15%\">17-09-2106<\/td>\n<td width=\"50%\">Sortida en lluna plena vora el mar:<br \/>\nSant Carles de la R\u00e0pita<\/td>\n<td width=\"15%\"><a href=\"https:\/\/goo.gl\/photos\/ooEYceRbkTC5CLp97\" target=\"_blank\">Fotos (1\/2)<\/a><br \/>\n<a href=\"https:\/\/goo.gl\/photos\/gMBTKV5oWgZ1TSKh6\" target=\"_blank\">Fotos (2\/2)<\/a><\/td>\n<td width=\"20%\"><a href=\"http:\/\/ccelaforadada.cat\/blog\/wp-content\/uploads\/Sortida-2016-09-17-Lluna-plena-vora-mar.pdf\" target=\"_blank\">Full de sortida<\/a><\/td>\n<\/tr>\n<p><!---------------------------------------------------- Una sortida ----------------------------------------------------><\/p>\n<tr>\n<td width=\"15%\">09-09-2106<\/td>\n<td width=\"50%\">Ruta pel Pirineu:<br \/>\nTravessa Nuria &#8211; Caran\u00e7\u00e0 (Fran\u00e7a)<\/td>\n<td width=\"15%\"><\/td>\n<td width=\"20%\"><a href=\"http:\/\/ccelaforadada.cat\/blog\/wp-content\/uploads\/Sortida-2016-09-08-N\u00faria-Caran\u00e7\u00e01.pdf\" target=\"_blank\">Full de sortida<\/a><\/td>\n<\/tr>\n<p><!---------------------------------------------------- Una sortida ----------------------------------------------------><\/p>\n<tr>\n<td width=\"15%\">04-09-2106<\/td>\n<td width=\"50%\">Estrets d&#8217;Arnes<\/td>\n<td width=\"15%\"><a href=\"https:\/\/goo.gl\/photos\/sAiRSeYB2HZS1AUEA\" target=\"_blank\">Fotos<\/a><\/td>\n<td width=\"20%\"><a href=\"http:\/\/ccelaforadada.cat\/blog\/wp-content\/uploads\/Sortida-2016-09-04-Estrets-d-Arnes.pdf\" target=\"_blank\">Full de sortida<\/a><\/td>\n<\/tr>\n<p><!---------------------------------------------------- Una sortida ----------------------------------------------------><\/p>\n<tr>\n<td width=\"15%\">12-06-2106<\/td>\n<td width=\"50%\">La Figuera<br \/>\nErmita de San Pau<\/td>\n<td width=\"15%\"><a href=\"https:\/\/goo.gl\/photos\/Jt9ZGs3y67nJfL2v6\" target=\"_blank\">Fotos<\/a><\/td>\n<td width=\"20%\"><a href=\"http:\/\/ccelaforadada.cat\/blog\/wp-content\/uploads\/Sortida-2016-06-12-La-Figuera-Ermita-de-Sant-Pau.pdf\" target=\"_blank\">Full de sortida<\/a><\/td>\n<\/tr>\n<p><!---------------------------------------------------- Una sortida ----------------------------------------------------><\/p>\n<tr>\n<td width=\"15%\">22-05-2106<\/td>\n<td width=\"50%\">Tarraco viva<br \/>\nEl festival rom\u00e0 de Tarragona<\/td>\n<td width=\"15%\"><a href=\"https:\/\/goo.gl\/photos\/aLas3CDV6mpCz24t9\" target=\"_blank\">Fotos<\/a><\/td>\n<td width=\"20%\"><a href=\"http:\/\/ccelaforadada.cat\/blog\/wp-content\/uploads\/Sortida-2016-05-22-Tarraco-Viva.pdf\" target=\"_blank\">Full de sortida<\/a><\/td>\n<\/tr>\n<p><!---------------------------------------------------- Una sortida ----------------------------------------------------><\/p>\n<tr>\n<td width=\"15%\">08-05-2106<\/td>\n<td width=\"50%\">Coll de Pallers &#8211; la Barcina<br \/>\n(Caro)<\/td>\n<td width=\"15%\"><\/td>\n<td width=\"20%\"><a href=\"http:\/\/ccelaforadada.cat\/blog\/wp-content\/uploads\/Sortida-2016-05-08-Caro-La-Barcina.pdf\" target=\"_blank\">Full de sortida<\/a><\/td>\n<\/tr>\n<p><!---------------------------------------------------- Una sortida ----------------------------------------------------><\/p>\n<tr>\n<td width=\"15%\">24-04-2016<\/td>\n<td width=\"50%\">Pas de l&#8217;Ase (Ribera d&#8217;Ebre)<br \/>\nCentre d&#8217;Interpretaci\u00f3 del Ferrocarril (M\u00f3ra la Nova)<\/td>\n<td width=\"15%\"><a href=\"https:\/\/goo.gl\/photos\/NwDHTZKkX4rvvMav9\" target=\"_blank\">Fotos<\/a><\/td>\n<td width=\"20%\"><a href=\"http:\/\/ccelaforadada.cat\/blog\/wp-content\/uploads\/Sortida-2016-04-24-Congost-del-pas-de-lAse.pdf\" target=\"_blank\">Full de sortida<\/a><\/td>\n<\/tr>\n<p><!---------------------------------------------------- Una sortida ----------------------------------------------------><\/p>\n<tr>\n<td width=\"15%\">10-04-2016<\/td>\n<td width=\"50%\">Ruta de las ermites de la vall de Card\u00f3<br \/>\nCova Lluminosa &#8211; Foradada<\/td>\n<td width=\"15%\"><a href=\"https:\/\/picasaweb.google.com\/101216060731813033253\/RutaDeLesErmitesDeLaVallDeCardo?authuser=0&amp;feat=directlink\" target=\"_blank\">Fotos<\/a><\/td>\n<td width=\"20%\"><a href=\"http:\/\/ccelaforadada.cat\/blog\/wp-content\/uploads\/Sortida-2016-04-10-Ruta-de-les-ermites-de-la-vall-de-Card\u00f3.pdf\" target=\"_blank\">Full de sortida<\/a><\/td>\n<\/tr>\n<p><!---------------------------------------------------- Una sortida ----------------------------------------------------><\/p>\n<tr>\n<td width=\"15%\">12-03-2016<br \/>\n13-03-2016<\/td>\n<td width=\"50%\">Sortida hivernal<br \/>\nRefugi de Malniu (zona del Puigpedr\u00f3s i els llacs de Malniu al Pirineu)<\/td>\n<td width=\"15%\"><a href=\"https:\/\/picasaweb.google.com\/101216060731813033253\/MalniuFontanera1De2?authuser=0&amp;feat=directlink\" target=\"_blank\">Fotos (1\/2)<\/a><br \/>\n<a href=\"https:\/\/picasaweb.google.com\/101216060731813033253\/MalniuFontanera2De2?authuser=0&amp;feat=directlink\" target=\"_blank\">Fotos (2\/2)<\/a><\/td>\n<td width=\"20%\"><a href=\"http:\/\/ccelaforadada.cat\/blog\/wp-content\/uploads\/Sortida-2016-02-21-Neteja-de-senderes.pdf\" target=\"_blank\">Full de sortida<\/a><\/td>\n<\/tr>\n<p><!---------------------------------------------------- Una sortida ----------------------------------------------------><\/p>\n<tr>\n<td width=\"15%\">21-02-2016<\/td>\n<td width=\"50%\">Neteja de senderes<br \/>\nMatarredona &#8211; La Foradada<\/td>\n<td width=\"15%\"><a href=\"https:\/\/picasaweb.google.com\/101216060731813033253\/MatarredonaLimpiesaDeSenders?authuser=0&amp;feat=directlink\" target=\"_blank\">Fotos<\/a><\/td>\n<td width=\"20%\"><a href=\"http:\/\/ccelaforadada.cat\/blog\/wp-content\/uploads\/Sortida-2016-02-21-Neteja-de-senderes.pdf\" target=\"_blank\">Full de sortida<\/a><\/td>\n<\/tr>\n<p><!---------------------------------------------------- Una sortida ----------------------------------------------------><\/p>\n<tr>\n<td width=\"15%\">07-02-2016<\/td>\n<td width=\"50%\">Turmell de Xert (Vallibona)<br \/>\nPer motiu de la manifestaci\u00f3 en defensa del riu Ebre a Amposta, la sortida queda <span style=\"color: #ff0000;\">apla\u00e7ada<\/span>.<\/td>\n<td width=\"15%\"><\/td>\n<td width=\"20%\"><\/td>\n<\/tr>\n<p><!---------------------------------------------------- Una sortida ----------------------------------------------------><\/p>\n<tr>\n<td width=\"15%\">24-01-2016<\/td>\n<td width=\"50%\">Mas de la Can\u00edcia<br \/>\nCorral de la Gossera<\/td>\n<td width=\"15%\"><\/td>\n<td width=\"20%\"><a href=\"http:\/\/ccelaforadada.cat\/blog\/wp-content\/uploads\/Sortida-2016-01-24-Mas-de-la-Canicia.pdf\" target=\"_blank\">Full de sortida<\/a><\/td>\n<\/tr>\n<p><!---------------------------------------------------- Una sortida ----------------------------------------------------><\/p>\n<tr>\n<td width=\"15%\">17-01-2016<\/td>\n<td width=\"50%\">Sender del Mediterrani (GR92)<br \/>\nDe la R\u00e0pita a la f\u00e0brica del ciment (CEMEX)<\/td>\n<td width=\"15%\"><\/td>\n<td width=\"20%\"><a href=\"http:\/\/ccelaforadada.cat\/blog\/wp-content\/uploads\/Sortida-2016-01-17-La-R\u00e0pita-CEMEX.pdf\" target=\"_blank\">Full de sortida<\/a><\/td>\n<\/tr>\n<p><!---------------------------------------------------- Una sortida ----------------------------------------------------><\/p>\n<tr>\n<td width=\"15%\">10-01-2016<\/td>\n<td width=\"50%\">Lligallo de Codonyol<br \/>\nMas de Garranyano<\/td>\n<td width=\"15%\"><a href=\"https:\/\/picasaweb.google.com\/101216060731813033253\/LligalloDeCodonyol?authuser=0&amp;feat=directlink\" target=\"_blank\">Fotos<\/a><\/td>\n<td width=\"20%\"><a href=\"http:\/\/ccelaforadada.cat\/blog\/wp-content\/uploads\/Sortida-2016-01-10-Lligallo-de-Codonyol.pdf\" target=\"_blank\">Full de sortida<\/a><\/td>\n<\/tr>\n<\/tbody>\n<\/table>\n","protected":false},"excerpt":{"rendered":"<p>Calendari del 1\u00ba semestre 2016 Calendari del 2\u00ba semestre 2016 Data Lloc 04-12-2106 Desembocadura del riu de La S\u00e9nia Sol de Riu (Vinar\u00f2s per la costa) Full de sortida 20-11-2016 Oliveres mil.len\u00e0ries (Traiguera, La Jana, Canet lo Roig) Fotos Full de sortida 06-11-2016 Monestir i Ermita del Montsi\u00e0 Torre de Poquessalses Full de sortida 22-10-2106 23-10-2016 Sortida de tard\u00f3: Bosc de la Grevolosa La Foradada de Cantonigr\u00f3s Santuari de Cabrera Fotos Full de sortida 02-10-2106 Cam\u00ed de ronda: Torredembarra, Altafulla, i Castell de Tamarit Fotos Full de sortida 09-10-2106 Neteja de senderes Continuaci\u00f3 de Mataredona a la Foradada Fotos Full de sortida 25-09-2106 Meandre de Flitx Parc natural de Sebes Fotos Full de sortida 18-09-2106 Manteniment de senders: Pintura del GR92 y PR83 Full de sortida 17-09-2106 Sortida en lluna plena vora el mar: Sant Carles de la R\u00e0pita Fotos (1\/2) Fotos (2\/2) Full de sortida 09-09-2106 Ruta pel Pirineu: Travessa Nuria &#8211; Caran\u00e7\u00e0 (Fran\u00e7a) Full de sortida 04-09-2106 Estrets d&#8217;Arnes Fotos Full de sortida 12-06-2106 La Figuera Ermita de San Pau Fotos Full de sortida 22-05-2106 Tarraco viva El festival rom\u00e0 de Tarragona Fotos Full de sortida 08-05-2106 Coll de Pallers &#8211; la Barcina (Caro) Full de sortida 24-04-2016 Pas de l&#8217;Ase (Ribera d&#8217;Ebre) Centre d&#8217;Interpretaci\u00f3 del Ferrocarril (M\u00f3ra la Nova) Fotos Full de sortida 10-04-2016 Ruta de las ermites de la vall de Card\u00f3 Cova Lluminosa &#8211; Foradada Fotos Full de sortida 12-03-2016 13-03-2016 Sortida hivernal Refugi de Malniu (zona del Puigpedr\u00f3s i els llacs de Malniu al <a class=\"read-more\" href=\"http:\/\/ccelaforadada.cat\/blog\/sortides-2016\/\">Continue Reading &#8594;<\/a><\/p>\n","protected":false},"author":1,"featured_media":0,"parent":0,"menu_order":0,"comment_status":"open","ping_status":"open","template":"","meta":{"footnotes":""},"class_list":["post-828","page","type-page","status-publish","hentry"],"_links":{"self":[{"href":"http:\/\/ccelaforadada.cat\/blog\/wp-json\/wp\/v2\/pages\/828","targetHints":{"allow":["GET"]}}],"collection":[{"href":"http:\/\/ccelaforadada.cat\/blog\/wp-json\/wp\/v2\/pages"}],"about":[{"href":"http:\/\/ccelaforadada.cat\/blog\/wp-json\/wp\/v2\/types\/page"}],"author":[{"embeddable":true,"href":"http:\/\/ccelaforadada.cat\/blog\/wp-json\/wp\/v2\/users\/1"}],"replies":[{"embeddable":true,"href":"http:\/\/ccelaforadada.cat\/blog\/wp-json\/wp\/v2\/comments?post=828"}],"version-history":[{"count":39,"href":"http:\/\/ccelaforadada.cat\/blog\/wp-json\/wp\/v2\/pages\/828\/revisions"}],"predecessor-version":[{"id":861,"href":"http:\/\/ccelaforadada.cat\/blog\/wp-json\/wp\/v2\/pages\/828\/revisions\/861"}],"wp:attachment":[{"href":"http:\/\/ccelaforadada.cat\/blog\/wp-json\/wp\/v2\/media?parent=828"}],"curies":[{"name":"wp","href":"https:\/\/api.w.org\/{rel}","templated":true}]}}