{"id":735,"date":"2015-01-08T00:54:15","date_gmt":"2015-01-07T23:54:15","guid":{"rendered":"http:\/\/ccelaforadada.cat\/blog\/?page_id=735"},"modified":"2017-01-15T18:29:22","modified_gmt":"2017-01-15T17:29:22","slug":"sortides-2015","status":"publish","type":"page","link":"http:\/\/ccelaforadada.cat\/blog\/sortides-2015\/","title":{"rendered":"Sortides 2015"},"content":{"rendered":"<p><!------------------------------------------------------------------------------------------------------------------------- Calendaris\n--------------------------------------------------------------------------------------------------------------------------><\/p>\n<p><a title=\"Clic per a descarregar el calendari\" href=\"http:\/\/ccelaforadada.cat\/blog\/wp-content\/uploads\/cal_2015_1.pdf\" target=\"_blank\">Calendari del 1\u00ba semestre 2015<\/a><\/p>\n<p><a title=\"Clic per a descarregar el calendari\" href=\"http:\/\/ccelaforadada.cat\/blog\/wp-content\/uploads\/cal_2015_2.pdf\" target=\"_blank\">Calendari del 2\u00ba semestre 2015<\/a><\/p>\n<p><!------------------------------------------------------------------------------------------------------------------------- Tabla: Sortides del 2015  --------------------------------------------------------------------------------------------------------------------------><\/p>\n<table border=\"4\" cellspacing=\"2\">\n<tbody>\n<tr>\n<th scope=\"col\">Data<\/th>\n<th scope=\"col\">Lloc<\/th>\n<th scope=\"col\"><\/th>\n<th scope=\"col\"><\/th>\n<\/tr>\n<p><!---------------------------------------------------- Una sortida ----------------------------------------------------><\/p>\n<tr>\n<td width=\"15%\">13-12-2015<\/td>\n<td width=\"50%\">Ermita del Remei (Alcanar)<br \/>\nSerra del Puig Gros<\/td>\n<td width=\"15%\"><\/td>\n<td width=\"20%\"><a href=\"http:\/\/ccelaforadada.cat\/blog\/wp-content\/uploads\/Sortida-2015-12-13-Ermita-del-Remei.pdf\" target=\"_blank\">Full de sortida<\/a><\/td>\n<\/tr>\n<p><!---------------------------------------------------- Una sortida ----------------------------------------------------><\/p>\n<tr>\n<td width=\"15%\">08-11-2015<\/td>\n<td width=\"50%\">Font de Sant Pere (La S\u00e9nia)<br \/>\nDia del dinar del soci<\/td>\n<td width=\"15%\"><a href=\"https:\/\/picasaweb.google.com\/101216060731813033253\/FontDeSantPereLaSenia?authuser=0&#038;feat=directlink\" target=\"_blank\">Fotos<\/a><\/td>\n<td width=\"20%\"><a href=\"http:\/\/ccelaforadada.cat\/blog\/wp-content\/uploads\/Sortida-2015-11-08-Font-de-Sant-Pere-La-Senia.pdf\" target=\"_blank\">Full de sortida<\/a><\/td>\n<\/tr>\n<p><!---------------------------------------------------- Una sortida ----------------------------------------------------><\/p>\n<tr>\n<td width=\"15%\">24-10-2015<br \/>\n25-10-2015<\/td>\n<td width=\"50%\">Sortida de tardor: Aq\u00fceducte de la Pe\u00f1a Cortada<br \/>\nCalles (Pa\u00eds Valenci\u00e0)<\/td>\n<td width=\"15%\"><a href=\"https:\/\/picasaweb.google.com\/101216060731813033253\/AquaducteDeLaPenaCortadaCallesPaisValencia?authuser=0&#038;feat=directlink\" target=\"_blank\">Fotos<\/a><\/td>\n<td width=\"20%\"><a href=\"http:\/\/ccelaforadada.cat\/blog\/wp-content\/uploads\/Sortida-2015-10-24-Sortida-de-tardor.pdf\" target=\"_blank\">Full de sortida<\/a><\/td>\n<\/tr>\n<p><!---------------------------------------------------- Una sortida ----------------------------------------------------><\/p>\n<tr>\n<td width=\"15%\">18-10-2015<\/td>\n<td width=\"50%\">51e Cam\u00ed de Muntanya<br \/>\n(Vegueria de l&#8217;Ebre \/ Regi\u00f3 V)<br \/>\nOrganitza l&#8217;entitat CEM La Cameta Coixa de Miravet (La Rivera d&#8217;Ebre)<\/td>\n<td width=\"15%\"><a href=\"https:\/\/picasaweb.google.com\/101216060731813033253\/51eCamiDeMuntanyaMiravet?authuser=0&#038;feat=directlink\" target=\"_blank\">Fotos<\/a><\/td>\n<td width=\"20%\"><a href=\"http:\/\/ccelaforadada.cat\/blog\/wp-content\/uploads\/Cartell-cami-de-muntanya-2015.jpg\" target=\"_blank\">Full de sortida<\/a><\/td>\n<\/tr>\n<p><!---------------------------------------------------- Una sortida ----------------------------------------------------><\/p>\n<tr>\n<td width=\"15%\">04-10-2015<\/td>\n<td width=\"50%\">Cam\u00ed de ronda: Salou &#8211; La Pineda<br \/>\nVisita del far de Salou<\/td>\n<td width=\"15%\"><a href=\"https:\/\/picasaweb.google.com\/101216060731813033253\/CamiDeRondaSalou?authuser=0&#038;feat=directlink\" target=\"_blank\">Fotos<\/a><\/td>\n<td width=\"20%\"><a href=\"http:\/\/ccelaforadada.cat\/blog\/wp-content\/uploads\/Sortida-2015-10-04-Cam\u00ed-de-ronda-Salou.pdf\" target=\"_blank\">Full de sortida<\/a><\/td>\n<\/tr>\n<p><!---------------------------------------------------- Una sortida ----------------------------------------------------><\/p>\n<tr>\n<td width=\"15%\">27-09-2015<\/td>\n<td width=\"50%\">Serra d&#8217;Irta: pic Campanillas<br \/>\n(per Alcocebre)<\/td>\n<td width=\"15%\"><a href=\"https:\/\/picasaweb.google.com\/101216060731813033253\/SerraDIrta?authuser=0&#038;feat=directlink\" target=\"_blank\">Fotos<\/td>\n<td width=\"20%\"><a href=\"http:\/\/ccelaforadada.cat\/blog\/wp-content\/uploads\/Sortida-2015-09-27-Serra-dIrta.pdf\" target=\"_blank\">Full de sortida<\/a><\/td>\n<\/tr>\n<p><!---------------------------------------------------- Una sortida ----------------------------------------------------><\/p>\n<tr>\n<td width=\"15%\">20-09-2015<\/td>\n<td width=\"50%\">Sortida conjunta CCEF i Terres de Cru\u00eflla: \u00abDe la mar al mas de Mata-redona\u00bb<\/p>\n<p style=\"padding-left: 30px;\"><span style=\"color: #ff0000;\">La sortida (de calendari) del 20 de setembre a les Muntanyes de Morella est\u00e0 ajornada<\/span>.<br \/>\nEn el seu lloc participarem a la sortida que forma part del calendari d\u2019itineraris de l\u2019associaci\u00f3 Terres de Cru\u00eflla, amb l\u2019objectiu de donar a con\u00e8ixer el patrimoni cultural i natural de les comarques del Montsi\u00e0, Baix Ebre i Baix Maestrat.<\/p>\n<\/td>\n<td width=\"15%\"><\/td>\n<td width=\"20%\"><a href=\"http:\/\/ccelaforadada.cat\/blog\/wp-content\/uploads\/sortida-Mata-redona.pdf\" target=\"_blank\">Full de sortida<\/a><\/td>\n<\/tr>\n<p><!---------------------------------------------------- Una sortida ----------------------------------------------------><\/p>\n<tr>\n<td width=\"15%\">11-09-2015<br \/>\n12-09-2015<br \/>\n13-09-2015<\/td>\n<td width=\"50%\">Trescant per la muntanya.<br \/>\nRuta circular pel Pirineu.<\/td>\n<td width=\"15%\"><a href=\"https:\/\/picasaweb.google.com\/101216060731813033253\/CercleDePessons?authuser=0&#038;feat=directlink\" target=\"_blank\">Fotos (1\/2)<\/a><br \/>\n<a href=\"https:\/\/picasaweb.google.com\/101216060731813033253\/GrauRoig?authuser=0&#038;feat=directlink\" target=\"_blank\">Fotos (2\/2)<\/a><\/td>\n<td width=\"20%\"><\/td>\n<\/tr>\n<p><!---------------------------------------------------- Una sortida ----------------------------------------------------><\/p>\n<tr>\n<td width=\"15%\">12-07-2015<\/td>\n<td width=\"50%\">Sortida familiar<br \/>\nPic de Campirme (2.633 m)<br \/>\nPallars Sobir\u00e0. Parc Natural de l&#8217;Alt Pirineu . Vall de Tabsc\u00e0n.<\/td>\n<td width=\"15%\"><a href=\"https:\/\/picasaweb.google.com\/101216060731813033253\/PicDeCampirme?authuser=0&#038;feat=directlink\" target=\"_blank\">Fotos<\/a><\/td>\n<td width=\"20%\"><a href=\"http:\/\/ccelaforadada.cat\/blog\/wp-content\/uploads\/Sortida-2015-07-12-Sortida-familiar-Campirme.pdf\" target=\"_blank\">Full de sortida<\/a><\/td>\n<\/tr>\n<p><!---------------------------------------------------- Una sortida ----------------------------------------------------><\/p>\n<tr>\n<td width=\"15%\">27-06-2015<\/td>\n<td width=\"50%\">XVII Pujada a la Foradada en lluna plena<\/td>\n<td width=\"15%\"><a href=\"https:\/\/picasaweb.google.com\/101216060731813033253\/XVIIPujadaALaForadadaEnLlunaPlena?authuser=0&amp;feat=directlink\" target=\"_blank\">Fotos<\/a><\/td>\n<td width=\"20%\"><a href=\"http:\/\/ccelaforadada.cat\/blog\/wp-content\/uploads\/XVII-pujada-a-la-Foradada-en-lluna-plena.pdf\" target=\"_blank\">Full de sortida<\/a><\/td>\n<\/tr>\n<p><!---------------------------------------------------- Una sortida ----------------------------------------------------><\/p>\n<tr>\n<td width=\"15%\">21-06-2015<\/td>\n<td width=\"50%\">Fontcalda<br \/>\nVia de la Vall de Zaf\u00e1n<\/td>\n<td width=\"15%\"><a href=\"https:\/\/picasaweb.google.com\/101216060731813033253\/LaFontcalda?authuser=0&#038;feat=directlink\" target=\"_blank\">Fotos<\/a><\/td>\n<td width=\"20%\"><a href=\"http:\/\/ccelaforadada.cat\/blog\/wp-content\/uploads\/Sortida-2015-06-21-Fontcalda.pdf\" target=\"_blank\">Full de sortida<\/a><\/td>\n<\/tr>\n<p><!---------------------------------------------------- Una sortida ----------------------------------------------------><\/p>\n<tr>\n<td width=\"15%\">07-06-2015<\/td>\n<td width=\"50%\">Vora riu: Illa de Buda<\/td>\n<td width=\"15%\"><a href=\"https:\/\/picasaweb.google.com\/101216060731813033253\/VoraRiuLIllaDeBuda?authuser=0&#038;feat=directlink\" target=\"_blank\">Fotos<\/a><\/td>\n<td width=\"20%\"><a href=\"http:\/\/ccelaforadada.cat\/blog\/wp-content\/uploads\/Sortida-2015-06-07-Vora-riu-Illa-de-Buda.pdf\" target=\"_blank\">Full de sortida<\/a><\/td>\n<\/tr>\n<p><!---------------------------------------------------- Una sortida ----------------------------------------------------><\/p>\n<tr>\n<td width=\"15%\">24-05-2015<\/td>\n<td width=\"50%\">Forts del Sec (Batea)<\/td>\n<td width=\"15%\"><\/td>\n<td width=\"20%\"><a href=\"http:\/\/ccelaforadada.cat\/blog\/wp-content\/uploads\/Sortida-2015-05-24-Forts-del-Sec-Batea.pdf\" target=\"_blank\">Full de sortida<\/a><\/td>\n<\/tr>\n<p><!---------------------------------------------------- Una sortida ----------------------------------------------------><\/p>\n<tr>\n<td width=\"15%\">10-05-2015<\/td>\n<td width=\"50%\">Toll del Vidre (Arnes)<\/td>\n<td width=\"15%\"><a href=\"https:\/\/picasaweb.google.com\/101216060731813033253\/TollDelVidre1De2?authuser=0&amp;feat=directlink\" target=\"_blank\">Fotos (1\/2)<\/a><br \/>\n<a href=\"https:\/\/picasaweb.google.com\/101216060731813033253\/TollDelVidre2De2?authuser=0&#038;feat=directlink\" target=\"_blank\">Fotos (2\/2)<\/a><\/td>\n<td width=\"20%\"><a href=\"http:\/\/ccelaforadada.cat\/blog\/wp-content\/uploads\/Sortida-2015-05-10-Toll-del-vidre.pdf\" target=\"_blank\">Full de sortida<\/a><\/td>\n<\/tr>\n<p><!---------------------------------------------------- Una sortida ----------------------------------------------------><\/p>\n<tr>\n<td width=\"15%\">26-04-2015<\/td>\n<td width=\"50%\">Cova de Bolimini (Vilafam\u00e9s)<\/td>\n<td width=\"15%\"><a href=\"https:\/\/picasaweb.google.com\/101216060731813033253\/VilafamesCovaBolimini1De2?authuser=0&amp;feat=directlink\" target=\"_blank\">Fotos (1\/2)<\/a><br \/>\n<a href=\"https:\/\/picasaweb.google.com\/101216060731813033253\/VilafamesCovaBolimini2De2?authuser=0&amp;feat=directlink\" target=\"_blank\">Fotos (2\/2)<\/a><\/td>\n<td width=\"20%\"><a href=\"http:\/\/ccelaforadada.cat\/blog\/wp-content\/uploads\/Sortida-2015-04-26-Cova-Bolimini.pdf\" target=\"_blank\">Full de sortida<\/a><\/td>\n<\/tr>\n<p><!---------------------------------------------------- Una sortida ----------------------------------------------------><\/p>\n<tr>\n<td width=\"15%\">12-04-2015<\/td>\n<td width=\"50%\">Serra de Montsant: Toll de l&#8217;Ou, Clot del Cirer<\/td>\n<td width=\"15%\"><a href=\"https:\/\/picasaweb.google.com\/101216060731813033253\/SerraDeMontsant?authuser=0&amp;feat=directlink\" target=\"_blank\">Fotos<\/a><\/td>\n<td width=\"20%\"><a href=\"http:\/\/ccelaforadada.cat\/blog\/wp-content\/uploads\/Sortida-2015-04-12-Serra-de-Montsant.pdf\" target=\"_blank\">Full de sortida<\/a><\/td>\n<\/tr>\n<p><!---------------------------------------------------- Una sortida ----------------------------------------------------><\/p>\n<tr>\n<td width=\"15%\">22-03-2015<\/td>\n<td width=\"50%\">Moleta del Terme (Rossell)<br \/>\n<span style=\"color: #ff0000;\">sortida\u00a0ajornada<\/span><\/td>\n<td width=\"15%\"><\/td>\n<td width=\"20%\"><a href=\"http:\/\/ccelaforadada.cat\/blog\/wp-content\/uploads\/Sortida-2015-03-22-Moleta-del-terme.pdf\" target=\"_blank\">Full de sortida<\/a><\/td>\n<\/tr>\n<p><!---------------------------------------------------- Una sortida ----------------------------------------------------><\/p>\n<tr>\n<td width=\"15%\">07-03-2015<br \/>\n08-03-2015<\/td>\n<td width=\"50%\">Raquetes de neu (Sortida de la V\u00aa Vegueria de la FEEC):<\/p>\n<ul>\n<li>Pe\u00f1arroya (2028m &#8211; Serra de G\u00fadar)<\/li>\n<li>Pic Javalambre (2020m &#8211; Serra de Javalambre)<\/li>\n<\/ul>\n<\/td>\n<td width=\"15%\"><a href=\"https:\/\/picasaweb.google.com\/101216060731813033253\/ValDeLinares1De2?authuser=0&amp;feat=directlink\" target=\"_blank\">Fotos (1\/4)<\/a><br \/>\n<a href=\"https:\/\/picasaweb.google.com\/101216060731813033253\/ValDeLinares2De2?authuser=0&amp;feat=directlink\" target=\"_blank\">Fotos (2\/4)<\/a><br \/>\n<a href=\"https:\/\/picasaweb.google.com\/101216060731813033253\/Javalambre1De2?authuser=0&amp;feat=directlink\" target=\"_blank\">Fotos (3\/4)<\/a><br \/>\n<a href=\"https:\/\/picasaweb.google.com\/101216060731813033253\/Javalambre2De2?authuser=0&amp;feat=directlink\" target=\"_blank\">Fotos (4\/4)<\/a><\/td>\n<td width=\"20%\"><a href=\"http:\/\/ccelaforadada.cat\/blog\/wp-content\/uploads\/Raquetes-2015-03-07-Javalambre-i-Valdelinares.pdf\" target=\"_blank\">Full de sortida<\/a><\/td>\n<\/tr>\n<p><!---------------------------------------------------- Una sortida ----------------------------------------------------><\/p>\n<tr>\n<td width=\"15%\">22-02-2015<\/td>\n<td width=\"50%\">Desert de Les Palmes (Benicassim)<br \/>\nCim del Bartolo<\/td>\n<td width=\"15%\"><a href=\"https:\/\/picasaweb.google.com\/101216060731813033253\/DesertDeLesPalmesBenicassim?authuser=0&amp;feat=directlink\" target=\"_blank\">Fotos<\/a><\/td>\n<td width=\"20%\"><a href=\"http:\/\/ccelaforadada.cat\/blog\/wp-content\/uploads\/Sortida-2015-02-22-Desert-de-les-palmes.pdf\" target=\"_blank\">Full de sortida<\/a><\/td>\n<\/tr>\n<p><!---------------------------------------------------- Una sortida ----------------------------------------------------><\/p>\n<tr>\n<td width=\"15%\">08-02-2015<\/td>\n<td width=\"50%\">Castell Monestir d&#8217;Escornalbou<br \/>\nRiudecanyes<\/td>\n<td width=\"15%\"><a href=\"https:\/\/picasaweb.google.com\/101216060731813033253\/CastellMonestirEscornalbouRiudecanyes?authuser=0&amp;feat=directlink\" target=\"_blank\">Fotos<\/a><\/td>\n<td width=\"20%\"><a href=\"http:\/\/ccelaforadada.cat\/blog\/wp-content\/uploads\/Sortida-2015-02-08-Castell-Monestir-Escornalbou.pdf\" target=\"_blank\">Full de sortida<\/a><\/td>\n<\/tr>\n<p><!---------------------------------------------------- Una sortida ----------------------------------------------------><\/p>\n<tr>\n<td width=\"15%\">25-01-2015<\/td>\n<td width=\"50%\">Camins del &#8216;Se\u00f1or\u00edo de Vilar de Canes&#8217;<\/td>\n<td width=\"15%\"><\/td>\n<td width=\"20%\"><a href=\"http:\/\/ccelaforadada.cat\/blog\/wp-content\/uploads\/Sortida-2015-01-25-Camins-del-se\u00f1orio-de-Vilar-de-Canes.pdf\" target=\"_blank\">Full de sortida<\/a><\/td>\n<\/tr>\n<p><!---------------------------------------------------- Una sortida ----------------------------------------------------><\/p>\n<tr>\n<td width=\"15%\">17-01-2015<\/td>\n<td width=\"50%\">Neteja de senderes: Bassa La Galla, Lo Comptador, 1\u00ba Moll\u00f3, Rac\u00f3 dels Modeltos<\/td>\n<td width=\"15%\"><a href=\"https:\/\/picasaweb.google.com\/101216060731813033253\/NetejaDeSenders?authuser=0&amp;feat=directlink\" target=\"_blank\">Fotos<\/a><\/td>\n<td width=\"20%\"><a href=\"http:\/\/ccelaforadada.cat\/blog\/wp-content\/uploads\/Sortida-2014-11-30-Neteja-de-senderes.pdf\" target=\"_blank\">Full de sortida<\/a><\/td>\n<\/tr>\n<p><!---------------------------------------------------- Una sortida ----------------------------------------------------><\/p>\n<tr>\n<td width=\"15%\">11-01-2015<\/td>\n<td width=\"50%\">Mundada &#8211; Font de Burg\u00e0 &#8211; Cova del Tendo<\/td>\n<td width=\"15%\"><a href=\"https:\/\/picasaweb.google.com\/101216060731813033253\/BassaLaGallaCovaDelTendo?authuser=0&amp;feat=directlink\" target=\"_blank\">Fotos<\/a><\/td>\n<td width=\"20%\"><a href=\"http:\/\/ccelaforadada.cat\/blog\/wp-content\/uploads\/Sortida-2015-01-11-Mundana-Font-de-Burga.pdf\" target=\"_blank\">Full de sortida<\/a><\/td>\n<\/tr>\n<\/tbody>\n<\/table>\n","protected":false},"excerpt":{"rendered":"<p>Calendari del 1\u00ba semestre 2015 Calendari del 2\u00ba semestre 2015 Data Lloc 13-12-2015 Ermita del Remei (Alcanar) Serra del Puig Gros Full de sortida 08-11-2015 Font de Sant Pere (La S\u00e9nia) Dia del dinar del soci Fotos Full de sortida 24-10-2015 25-10-2015 Sortida de tardor: Aq\u00fceducte de la Pe\u00f1a Cortada Calles (Pa\u00eds Valenci\u00e0) Fotos Full de sortida 18-10-2015 51e Cam\u00ed de Muntanya (Vegueria de l&#8217;Ebre \/ Regi\u00f3 V) Organitza l&#8217;entitat CEM La Cameta Coixa de Miravet (La Rivera d&#8217;Ebre) Fotos Full de sortida 04-10-2015 Cam\u00ed de ronda: Salou &#8211; La Pineda Visita del far de Salou Fotos Full de sortida 27-09-2015 Serra d&#8217;Irta: pic Campanillas (per Alcocebre) Fotos Full de sortida 20-09-2015 Sortida conjunta CCEF i Terres de Cru\u00eflla: \u00abDe la mar al mas de Mata-redona\u00bb La sortida (de calendari) del 20 de setembre a les Muntanyes de Morella est\u00e0 ajornada. En el seu lloc participarem a la sortida que forma part del calendari d\u2019itineraris de l\u2019associaci\u00f3 Terres de Cru\u00eflla, amb l\u2019objectiu de donar a con\u00e8ixer el patrimoni cultural i natural de les comarques del Montsi\u00e0, Baix Ebre i Baix Maestrat. Full de sortida 11-09-2015 12-09-2015 13-09-2015 Trescant per la muntanya. Ruta circular pel Pirineu. Fotos (1\/2) Fotos (2\/2) 12-07-2015 Sortida familiar Pic de Campirme (2.633 m) Pallars Sobir\u00e0. Parc Natural de l&#8217;Alt Pirineu . Vall de Tabsc\u00e0n. Fotos Full de sortida 27-06-2015 XVII Pujada a la Foradada en lluna plena Fotos Full de sortida 21-06-2015 Fontcalda Via de la Vall de Zaf\u00e1n Fotos Full de sortida 07-06-2015 Vora riu: <a class=\"read-more\" href=\"http:\/\/ccelaforadada.cat\/blog\/sortides-2015\/\">Continue Reading &#8594;<\/a><\/p>\n","protected":false},"author":1,"featured_media":0,"parent":0,"menu_order":0,"comment_status":"open","ping_status":"open","template":"","meta":{"footnotes":""},"class_list":["post-735","page","type-page","status-publish","hentry"],"_links":{"self":[{"href":"http:\/\/ccelaforadada.cat\/blog\/wp-json\/wp\/v2\/pages\/735","targetHints":{"allow":["GET"]}}],"collection":[{"href":"http:\/\/ccelaforadada.cat\/blog\/wp-json\/wp\/v2\/pages"}],"about":[{"href":"http:\/\/ccelaforadada.cat\/blog\/wp-json\/wp\/v2\/types\/page"}],"author":[{"embeddable":true,"href":"http:\/\/ccelaforadada.cat\/blog\/wp-json\/wp\/v2\/users\/1"}],"replies":[{"embeddable":true,"href":"http:\/\/ccelaforadada.cat\/blog\/wp-json\/wp\/v2\/comments?post=735"}],"version-history":[{"count":49,"href":"http:\/\/ccelaforadada.cat\/blog\/wp-json\/wp\/v2\/pages\/735\/revisions"}],"predecessor-version":[{"id":871,"href":"http:\/\/ccelaforadada.cat\/blog\/wp-json\/wp\/v2\/pages\/735\/revisions\/871"}],"wp:attachment":[{"href":"http:\/\/ccelaforadada.cat\/blog\/wp-json\/wp\/v2\/media?parent=735"}],"curies":[{"name":"wp","href":"https:\/\/api.w.org\/{rel}","templated":true}]}}