{"id":503,"date":"2014-04-09T23:20:03","date_gmt":"2014-04-09T21:20:03","guid":{"rendered":"http:\/\/ccelaforadada.cat\/blog\/?page_id=503"},"modified":"2014-04-09T23:39:18","modified_gmt":"2014-04-09T21:39:18","slug":"pag_sortides-2013","status":"publish","type":"page","link":"http:\/\/ccelaforadada.cat\/blog\/pag_sortides-2013\/","title":{"rendered":"Sortides 2013"},"content":{"rendered":"<p><!------------------------------------------------------------------------------------------------------------------------- Calendaris\n--------------------------------------------------------------------------------------------------------------------------><\/p>\n<p><a title=\"Clic per a descarregar el calendari\" href=\"http:\/\/ccelaforadada.cat\/blog\/wp-content\/uploads\/cal_2013_1.pdf\" target=\"_blank\">Calendari del 1\u00ba semestre de 2013<\/a><\/p>\n<p><a title=\"Clic per a descarregar el calendari\" href=\"http:\/\/ccelaforadada.cat\/blog\/wp-content\/uploads\/cal_2013_2.pdf\" target=\"_blank\">Calendari del 2\u00ba semestre de 2013<\/a><\/p>\n<p><!------------------------------------------------------------------------------------------------------------------------- Tabla: Sortides del 2013 \n--------------------------------------------------------------------------------------------------------------------------><\/p>\n<table border=\"4\" cellspacing=\"2\">\n<tbody>\n<tr>\n<th scope=\"col\">Data<\/th>\n<th scope=\"col\">Lloc<\/th>\n<th scope=\"col\"><\/th>\n<th scope=\"col\"><\/th>\n<\/tr>\n<p><!---------------------------------------------------- Una sortida ----------------------------------------------------><\/p>\n<tr>\n<td width=\"15%\">22-12-2013<\/td>\n<td width=\"50%\">Plantada del Betlem a La Foradada<\/td>\n<td width=\"15%\"><a href=\"https:\/\/picasaweb.google.com\/101216060731813033253\/PlantadaDelBelenALaForadada?authuser=0&amp;feat=directlink\" target=\"_blank\">Fotos<\/a><\/td>\n<td width=\"20%\"><\/td>\n<\/tr>\n<p><!---------------------------------------------------- Una sortida ----------------------------------------------------><\/p>\n<tr>\n<td>15-12-2013<\/td>\n<td>Serra Ulldecona-Godall<\/td>\n<td><a href=\"https:\/\/picasaweb.google.com\/101216060731813033253\/SerraDUlldeconaGodall?authuser=0&amp;feat=directlink\" target=\"_blank\">Fotos<\/a><\/td>\n<td><a href=\"http:\/\/ccelaforadada.cat\/blog\/wp-content\/uploads\/Sortida-2013-12-15-Serra-Ulldecona-Godall.pdf\" target=\"_blank\">Full de sortida<\/a><\/td>\n<\/tr>\n<p><!---------------------------------------------------- Una sortida ----------------------------------------------------><\/p>\n<tr>\n<td>30-11-2013<\/td>\n<td>Serra del Montsant<\/td>\n<td><a href=\"https:\/\/picasaweb.google.com\/101216060731813033253\/SerraDelMontsant?authuser=0&amp;feat=directlink\" target=\"_blank\">Fotos<\/a><\/td>\n<td><a href=\"http:\/\/ccelaforadada.cat\/blog\/wp-content\/uploads\/Sortida-2013-11-30-Serra-del-Montsant.pdf\" target=\"_blank\">Full de sortida<\/a><\/td>\n<\/tr>\n<p><!---------------------------------------------------- Una sortida ----------------------------------------------------><\/p>\n<tr>\n<td>24-11-2013<\/td>\n<td>49\u00e9 Cam\u00ed de muntanya: Masdenverge<\/td>\n<td><a href=\"https:\/\/picasaweb.google.com\/101216060731813033253\/49eCamiDeMuntanyaMasdenverge?authuser=0&amp;feat=directlink\" target=\"_blank\">Fotos<\/a><\/td>\n<td><\/td>\n<\/tr>\n<p><!---------------------------------------------------- Una sortida ----------------------------------------------------><\/p>\n<tr>\n<td>17-11-2013<\/td>\n<td>Neteja de senderes<br \/>\nFont de Burg\u00e0 &#8211; Bassa de La Galla<\/td>\n<td><a href=\"https:\/\/picasaweb.google.com\/101216060731813033253\/NetejaDeSenderesFontDeBurgaBassaLaGalla?authuser=0&amp;feat=directlink\" target=\"_blank\">Fotos<\/a><\/td>\n<td><a href=\"http:\/\/ccelaforadada.cat\/blog\/wp-content\/uploads\/Sortida-2013-11-17-Neteja-de-senderes.pdf\" target=\"_blank\">Full de sortida<\/a><\/td>\n<\/tr>\n<p><!---------------------------------------------------- Una sortida ----------------------------------------------------><\/p>\n<tr>\n<td>10-11-2013<\/td>\n<td>Marxa senderista del Mezquin<br \/>\nCanyada de Verich<\/td>\n<td><a href=\"https:\/\/picasaweb.google.com\/101216060731813033253\/MarxaSenderistaDelMezquinCanadaDeVerich?authuser=0&amp;feat=directlink\" target=\"_blank\">Fotos<\/a><\/td>\n<td><\/td>\n<\/tr>\n<p><!---------------------------------------------------- Una sortida ----------------------------------------------------><\/p>\n<tr>\n<td>02-11-2013<\/td>\n<td>Canal d&#8217;Engany\u00f3, Mirandes i Casetes Velles<\/td>\n<td><\/td>\n<td><a href=\"http:\/\/ccelaforadada.cat\/blog\/wp-content\/uploads\/Sortida-2013-11-02-Canal-dEngany\u00f3.pdf\" target=\"_blank\">Full de sortida<\/a><\/td>\n<\/tr>\n<p><!---------------------------------------------------- Una sortida ----------------------------------------------------><\/p>\n<tr>\n<td>26-10-2013<\/td>\n<td>Sortida de tardorCardona, Vall de Lord<\/td>\n<td><a href=\"https:\/\/picasaweb.google.com\/101216060731813033253\/CardonaVallDeLord?authuser=0&amp;feat=directlink\" target=\"_blank\">Fotos<\/a><\/td>\n<td><a href=\"http:\/\/ccelaforadada.cat\/blog\/wp-content\/uploads\/Sortida-2013-10-26-Sortida-de-tardo-Cardona-Vall-de-Lord.pdf\" target=\"_blank\">Full de sortida<\/a><\/td>\n<\/tr>\n<p><!---------------------------------------------------- Una sortida ----------------------------------------------------><\/p>\n<tr>\n<td>20-10-2013<\/td>\n<td>Raco dels Molins &#8211; Ares de Maestre<\/td>\n<td><\/td>\n<td><a href=\"http:\/\/ccelaforadada.cat\/blog\/wp-content\/uploads\/Sortida-2013-10-20-Raco-dels-Molins-Ares-del-maestre.pdf\" target=\"_blank\">Full de sortida<\/a><\/td>\n<\/tr>\n<p><!---------------------------------------------------- Una sortida ----------------------------------------------------><\/p>\n<tr>\n<td>29-09-2013<\/td>\n<td>Pujada a la Foradada en memoria de Joan Aloy<\/td>\n<td><a href=\"https:\/\/picasaweb.google.com\/101216060731813033253\/PujadaALaForadadaEnMemoriaDeJoanAloy?authuser=0&amp;feat=directlink\" target=\"_blank\">Fotos<\/a><\/td>\n<td><a href=\"http:\/\/ccelaforadada.cat\/blog\/wp-content\/uploads\/Sortida-2013-09-29-Pujada-a-la-Foradada-en-memoria-de-Joan-Aloy.pdf\" target=\"_blank\">Full de sortida<\/a><\/td>\n<\/tr>\n<p><!---------------------------------------------------- Una sortida ----------------------------------------------------><\/p>\n<tr>\n<td>22-09-2013<\/td>\n<td>La vall Cervera (Els reguers)<\/td>\n<td><a href=\"https:\/\/picasaweb.google.com\/101216060731813033253\/VallCervera?authuser=0&amp;feat=directlink\" target=\"_blank\">Fotos<\/a><\/td>\n<td><a href=\"http:\/\/ccelaforadada.cat\/blog\/wp-content\/uploads\/Sortida-2013-09-22-La-vall-Cervera.pdf\" target=\"_blank\">Full de sortida<\/a><\/td>\n<\/tr>\n<p><!---------------------------------------------------- Una sortida ----------------------------------------------------><\/p>\n<tr>\n<td>01-09-2013<\/td>\n<td>Naixement del riu Bord\u00f3n<\/td>\n<td><a href=\"https:\/\/picasaweb.google.com\/101216060731813033253\/NaiximentDelRiuBordon?authuser=0&amp;feat=directlink\" target=\"_blank\">Fotos<\/a><\/td>\n<td><a href=\"http:\/\/ccelaforadada.cat\/blog\/wp-content\/uploads\/Sortida-2013-09-01-Naixement-del-riu-Bord\u00f3n.pdf\" target=\"_blank\">Full de sortida<\/a><\/td>\n<\/tr>\n<p><!---------------------------------------------------- Una sortida ----------------------------------------------------><\/p>\n<tr>\n<td>14-07-2013<\/td>\n<td>Neteja de senderes<br \/>\nBassa de La Galla &#8211; Matarredona<\/td>\n<td><\/td>\n<td><a href=\"http:\/\/ccelaforadada.cat\/blog\/wp-content\/uploads\/Sortida-2013-07-14-Neteja-de-senderes.pdf\" target=\"_blank\">Full de sortida<\/a><\/td>\n<\/tr>\n<p><!---------------------------------------------------- Una sortida ----------------------------------------------------><\/p>\n<tr>\n<td>06-07-2013<\/td>\n<td>Sortida familiar d&#8217;alta muntanya<br \/>\nPuigmal Nuria<\/td>\n<td><a href=\"https:\/\/picasaweb.google.com\/101216060731813033253\/PuigmalNuria?authuser=0&amp;feat=directlink\" target=\"_blank\">Fotos<\/a><\/td>\n<td><\/td>\n<\/tr>\n<p><!---------------------------------------------------- Una sortida ----------------------------------------------------><\/p>\n<tr>\n<td>30-06-2013<\/td>\n<td>Riu Glorieta &#8211; Niu de l&#8217;Aliga<\/td>\n<td><a href=\"https:\/\/picasaweb.google.com\/101216060731813033253\/RiuGlorietaNiuDeLAliga?authuser=0&amp;feat=directlink\" target=\"_blank\">Fotos<\/a><\/td>\n<td><a href=\"http:\/\/ccelaforadada.cat\/blog\/wp-content\/uploads\/Sortida-2013-06-30-Riu-Glorieta-Niu-de-lAliga.pdf\" target=\"_blank\">Full de sortida<\/a><\/td>\n<\/tr>\n<p><!---------------------------------------------------- Una sortida ----------------------------------------------------><\/p>\n<tr>\n<td>16-06-2013<\/td>\n<td>Desembocadura del riu de La S\u00e9nia<\/td>\n<td><a href=\"https:\/\/picasaweb.google.com\/101216060731813033253\/VoraMarLesCasesSolDeRiuTancatDeCodorniu?authuser=0&amp;feat=directlink\" target=\"_blank\">Fotos<\/a><\/td>\n<td><a href=\"http:\/\/ccelaforadada.cat\/blog\/wp-content\/uploads\/Sortida-2013-06-16-Desembocadura-del-riu-de-la-Senia-Sol-de-Riu.pdf\" target=\"_blank\">Full de sortida<\/a><\/td>\n<\/tr>\n<p><!---------------------------------------------------- Una sortida ----------------------------------------------------><\/p>\n<tr>\n<td>26-05-2013<\/td>\n<td>Vallibona &#8211; Mas de la Pallissa<\/td>\n<td><\/td>\n<td><a href=\"http:\/\/ccelaforadada.cat\/blog\/wp-content\/uploads\/Sortida-2013-05-26-Vallibona-Mas-de-la-Pallissa.pdf\" target=\"_blank\">Full de sortida<\/a><\/td>\n<\/tr>\n<p><!---------------------------------------------------- Una sortida ----------------------------------------------------><\/p>\n<tr>\n<td>04-05-2013<\/td>\n<td>Salvassoria &#8211; La Llacua<\/td>\n<td><a href=\"https:\/\/picasaweb.google.com\/101216060731813033253\/SalvasoriaLaLlacua?authuser=0&amp;feat=directlink\" target=\"_blank\">Fotos<\/a><\/td>\n<td><a href=\"http:\/\/ccelaforadada.cat\/blog\/wp-content\/uploads\/Sortida-2013-05-04-Salvassoria-La-Llacua.pdf\" target=\"_blank\">Full de sortida<\/a><\/td>\n<\/tr>\n<p><!---------------------------------------------------- Una sortida ----------------------------------------------------><\/p>\n<tr>\n<td>28-04-2013<\/td>\n<td>Estrets del riu S\u00e9nia<\/td>\n<td><\/td>\n<td><a href=\"http:\/\/ccelaforadada.cat\/blog\/wp-content\/uploads\/Sortida-2013-04-28-Estrets-del-Riu-Senia.pdf\" target=\"_blank\">Full de sortida<\/a><\/td>\n<\/tr>\n<p><!---------------------------------------------------- Una sortida ----------------------------------------------------><\/p>\n<tr>\n<td>14-04-2013<\/td>\n<td>L&#8217;Arbol\u00ed Gallicant<\/td>\n<td><a href=\"https:\/\/picasaweb.google.com\/101216060731813033253\/ArboliIGallicant?authuser=0&amp;feat=directlink\" target=\"_blank\">Fotos<\/a><\/td>\n<td><a href=\"http:\/\/ccelaforadada.cat\/blog\/wp-content\/uploads\/Sortida-2013-04-14-LArboli-Gallicant.pdf\" target=\"_blank\">Full de sortida<\/a><\/td>\n<\/tr>\n<p><!---------------------------------------------------- Una sortida ----------------------------------------------------><\/p>\n<tr>\n<td>24-03-2013<\/td>\n<td>Balada &#8211; Sant Jaume<\/td>\n<td><a href=\"https:\/\/picasaweb.google.com\/101216060731813033253\/VoraRiuEbreBaladaISantJaume?authuser=0&amp;feat=directlink\" target=\"_blank\">Fotos<\/a><\/td>\n<td><a href=\"http:\/\/ccelaforadada.cat\/blog\/wp-content\/uploads\/Sortida-2013-03-24-Balada-Sant-Jaume.pdf\" target=\"_blank\">Full de sortida<\/a><\/td>\n<\/tr>\n<p><!---------------------------------------------------- Una sortida ----------------------------------------------------><\/p>\n<tr>\n<td>10-03-2013<\/td>\n<td>Tossal d&#8217;en Grill\u00f3<\/td>\n<td><\/td>\n<td><a href=\"http:\/\/ccelaforadada.cat\/blog\/wp-content\/uploads\/Sortida-2013-03-10-Tossal-den-Grill\u00f3.pdf\" target=\"_blank\">Full de sortida<\/a><\/td>\n<\/tr>\n<p><!---------------------------------------------------- Una sortida ----------------------------------------------------><\/p>\n<tr>\n<td>03-03-2013<\/td>\n<td>Neteja de senderes<br \/>\nFont de Burg\u00e0 &#8211; La Rueda<\/td>\n<td><\/td>\n<td><a href=\"http:\/\/ccelaforadada.cat\/blog\/wp-content\/uploads\/Sortida-2013-03-03-Neteja-de-senderes.pdf\" target=\"_blank\">Full de sortida<\/a><\/td>\n<\/tr>\n<p><!---------------------------------------------------- Una sortida ----------------------------------------------------><\/p>\n<tr>\n<td>23-02-2013<\/td>\n<td>Raquetes de neu<br \/>\nTossa plana de Lles<\/td>\n<td><a href=\"https:\/\/picasaweb.google.com\/101216060731813033253\/TossaPlanaDeLles?authuser=0&amp;feat=directlink\">Fotos<\/a><\/td>\n<td><a href=\"http:\/\/ccelaforadada.cat\/blog\/wp-content\/uploads\/Sortida-2013-02-23-Raquetes-de-neu.pdf\" target=\"_blank\">Full de sortida<\/a><\/td>\n<\/tr>\n<p><!---------------------------------------------------- Una sortida ----------------------------------------------------><\/p>\n<tr>\n<td>27-01-2013<\/td>\n<td>La Cugula &#8211; Mas de Mulet<\/td>\n<td><a href=\"https:\/\/picasaweb.google.com\/101216060731813033253\/LaCogulaMasDeMulet?authuser=0&amp;feat=directlink\">Fotos<\/a><\/td>\n<td><a href=\"http:\/\/ccelaforadada.cat\/blog\/wp-content\/uploads\/Sortida-2013-01-27-La-Cugula-Mas-de-Mulet.pdf\" target=\"_blank\">Full de sortida<\/a><\/td>\n<\/tr>\n<p><!---------------------------------------------------- Una sortida ----------------------------------------------------><\/p>\n<tr>\n<td>12-01-2013<\/td>\n<td>Neteja de senderes<br \/>\nLes Fontanelles<\/td>\n<td><a href=\"https:\/\/picasaweb.google.com\/101216060731813033253\/LimpiesaDeSenderesLesFontanelles?authuser=0&amp;feat=directlink\">Fotos<\/a><\/td>\n<td><a href=\"http:\/\/ccelaforadada.cat\/blog\/wp-content\/uploads\/Sortida-2014-01-12-Neteja-de-senderes1.pdf\" target=\"_blank\">Full de sortida<\/a><\/td>\n<\/tr>\n<\/tbody>\n<\/table>\n","protected":false},"excerpt":{"rendered":"<p>Calendari del 1\u00ba semestre de 2013 Calendari del 2\u00ba semestre de 2013 Data Lloc 22-12-2013 Plantada del Betlem a La Foradada Fotos 15-12-2013 Serra Ulldecona-Godall Fotos Full de sortida 30-11-2013 Serra del Montsant Fotos Full de sortida 24-11-2013 49\u00e9 Cam\u00ed de muntanya: Masdenverge Fotos 17-11-2013 Neteja de senderes Font de Burg\u00e0 &#8211; Bassa de La Galla Fotos Full de sortida 10-11-2013 Marxa senderista del Mezquin Canyada de Verich Fotos 02-11-2013 Canal d&#8217;Engany\u00f3, Mirandes i Casetes Velles Full de sortida 26-10-2013 Sortida de tardorCardona, Vall de Lord Fotos Full de sortida 20-10-2013 Raco dels Molins &#8211; Ares de Maestre Full de sortida 29-09-2013 Pujada a la Foradada en memoria de Joan Aloy Fotos Full de sortida 22-09-2013 La vall Cervera (Els reguers) Fotos Full de sortida 01-09-2013 Naixement del riu Bord\u00f3n Fotos Full de sortida 14-07-2013 Neteja de senderes Bassa de La Galla &#8211; Matarredona Full de sortida 06-07-2013 Sortida familiar d&#8217;alta muntanya Puigmal Nuria Fotos 30-06-2013 Riu Glorieta &#8211; Niu de l&#8217;Aliga Fotos Full de sortida 16-06-2013 Desembocadura del riu de La S\u00e9nia Fotos Full de sortida 26-05-2013 Vallibona &#8211; Mas de la Pallissa Full de sortida 04-05-2013 Salvassoria &#8211; La Llacua Fotos Full de sortida 28-04-2013 Estrets del riu S\u00e9nia Full de sortida 14-04-2013 L&#8217;Arbol\u00ed Gallicant Fotos Full de sortida 24-03-2013 Balada &#8211; Sant Jaume Fotos Full de sortida 10-03-2013 Tossal d&#8217;en Grill\u00f3 Full de sortida 03-03-2013 Neteja de senderes Font de Burg\u00e0 &#8211; La Rueda Full de sortida 23-02-2013 Raquetes de neu Tossa plana de Lles Fotos Full <a class=\"read-more\" href=\"http:\/\/ccelaforadada.cat\/blog\/pag_sortides-2013\/\">Continue Reading &#8594;<\/a><\/p>\n","protected":false},"author":1,"featured_media":0,"parent":0,"menu_order":0,"comment_status":"open","ping_status":"open","template":"","meta":{"footnotes":""},"class_list":["post-503","page","type-page","status-publish","hentry"],"_links":{"self":[{"href":"http:\/\/ccelaforadada.cat\/blog\/wp-json\/wp\/v2\/pages\/503","targetHints":{"allow":["GET"]}}],"collection":[{"href":"http:\/\/ccelaforadada.cat\/blog\/wp-json\/wp\/v2\/pages"}],"about":[{"href":"http:\/\/ccelaforadada.cat\/blog\/wp-json\/wp\/v2\/types\/page"}],"author":[{"embeddable":true,"href":"http:\/\/ccelaforadada.cat\/blog\/wp-json\/wp\/v2\/users\/1"}],"replies":[{"embeddable":true,"href":"http:\/\/ccelaforadada.cat\/blog\/wp-json\/wp\/v2\/comments?post=503"}],"version-history":[{"count":9,"href":"http:\/\/ccelaforadada.cat\/blog\/wp-json\/wp\/v2\/pages\/503\/revisions"}],"predecessor-version":[{"id":516,"href":"http:\/\/ccelaforadada.cat\/blog\/wp-json\/wp\/v2\/pages\/503\/revisions\/516"}],"wp:attachment":[{"href":"http:\/\/ccelaforadada.cat\/blog\/wp-json\/wp\/v2\/media?parent=503"}],"curies":[{"name":"wp","href":"https:\/\/api.w.org\/{rel}","templated":true}]}}