{"id":429,"date":"2014-03-28T00:56:54","date_gmt":"2014-03-27T23:56:54","guid":{"rendered":"http:\/\/ccelaforadada.cat\/blog\/?page_id=429"},"modified":"2024-03-03T10:48:44","modified_gmt":"2024-03-03T09:48:44","slug":"pag-inici","status":"publish","type":"page","link":"http:\/\/ccelaforadada.cat\/blog\/","title":{"rendered":"Inici"},"content":{"rendered":"\n<div class=\"wp-block-group\"><div class=\"wp-block-group__inner-container is-layout-constrained wp-block-group-is-layout-constrained\">\n<p><img loading=\"lazy\" decoding=\"async\" class=\"wp-image-1673 size-medium alignleft\" src=\"http:\/\/ccelaforadada.cat\/blog\/wp-content\/uploads\/Logo-CCEF-La-Rapita-300x200.png\" alt=\"\" width=\"300\" height=\"200\" srcset=\"http:\/\/ccelaforadada.cat\/blog\/wp-content\/uploads\/Logo-CCEF-La-Rapita-300x200.png 300w, http:\/\/ccelaforadada.cat\/blog\/wp-content\/uploads\/Logo-CCEF-La-Rapita-1024x684.png 1024w, http:\/\/ccelaforadada.cat\/blog\/wp-content\/uploads\/Logo-CCEF-La-Rapita-768x513.png 768w, http:\/\/ccelaforadada.cat\/blog\/wp-content\/uploads\/Logo-CCEF-La-Rapita.png 1230w\" sizes=\"auto, (max-width: 300px) 100vw, 300px\" \/><\/p>\n<h5 style=\"text-align: center;\"><span style=\"color: #000000;\">Benvinguts a la p\u00e0gina web del<\/span><\/h5>\n<h5 style=\"text-align: center;\"><span style=\"color: #d65500;\">CLUB CENTRE EXCURSIONISTA LA FORADADA (CCEF)<\/span><\/h5>\n<h5 style=\"text-align: center;\"><span style=\"color: #000000;\">de Sant Carles de la R\u00e0pita.<\/span><\/h5>\n<p>\u00a0<\/p>\n<p>\u00a0<\/p>\n<p>\u00a0<\/p>\n<p>En aquesta p\u00e0gina, en l\u2019apartat SORTIDES, podreu trobar el calendari de sortides i altres activitats que fa la nostra entitat, aix\u00ed com les excursions ja fetes.<\/p>\n<p>Tamb\u00e9, en QUI SOM, una breu explicaci\u00f3 de la nostra hist\u00f2ria i de la nostra filosofia pel que fa a la muntanya i el medi en general.<\/p>\n<p>Aquesta p\u00e0gina web est\u00e0 comen\u00e7ant a funcionar; poc a poc anir\u00e0 completant-se i fent-se m\u00e9s gran amb l\u2019aportaci\u00f3 de totes les s\u00f2cies i socis i amics del CCEF.<\/p>\n<table border=\"0\" cellspacing=\"2\">\n<tbody>\n<tr>\n<td style=\"border-style: hidden; background-color: none;\" width=\"50%;\"><a href=\"https:\/\/www.facebook.com\/CCEForadada\" target=\"_blank\" rel=\"noopener\"><img loading=\"lazy\" decoding=\"async\" class=\"alignleft\" src=\"http:\/\/ccelaforadada.cat\/blog\/wp-content\/uploads\/facebooktt.png\" alt=\"facebook\" width=\"55\" height=\"55\" \/><\/a><br \/>Segueix-nos al Facebook.<\/td>\n<td style=\"border-style: hidden; background-color: none;\" width=\"50%;\">\n<p style=\"text-align: right;\"><img loading=\"lazy\" decoding=\"async\" class=\"alignright  wp-image-441\" src=\"http:\/\/ccelaforadada.cat\/blog\/wp-content\/uploads\/Logo-SCR-216x300.png\" alt=\"Logo SCR\" width=\"55\" height=\"76\" srcset=\"http:\/\/ccelaforadada.cat\/blog\/wp-content\/uploads\/Logo-SCR-216x300.png 216w, http:\/\/ccelaforadada.cat\/blog\/wp-content\/uploads\/Logo-SCR.png 430w\" sizes=\"auto, (max-width: 55px) 100vw, 55px\" \/><\/p>\n<p style=\"text-align: right;\">amb el suport de l&#8217;<\/p>\n<p style=\"text-align: right;\"><span style=\"color: #1a3688;\">Ajuntament de Sant Carles de la R\u00e0pita<\/span><\/p>\n<p style=\"text-align: right;\"><span style=\"color: #1a3688;\">Regidoria d&#8217; Esports<\/span><\/p>\n<\/td>\n<\/tr>\n<\/tbody>\n<\/table>\n<\/div><\/div>\n","protected":false},"excerpt":{"rendered":"<p>Benvinguts a la p\u00e0gina web del CLUB CENTRE EXCURSIONISTA LA FORADADA (CCEF) de Sant Carles de la R\u00e0pita. \u00a0 \u00a0 \u00a0 En aquesta p\u00e0gina, en l\u2019apartat SORTIDES, podreu trobar el calendari de sortides i altres activitats que fa la nostra entitat, aix\u00ed com les excursions ja fetes. Tamb\u00e9, en QUI SOM, una breu explicaci\u00f3 de la nostra hist\u00f2ria i de la nostra filosofia pel que fa a la muntanya i el medi en general. Aquesta p\u00e0gina web est\u00e0 comen\u00e7ant a funcionar; poc a poc anir\u00e0 completant-se i fent-se m\u00e9s gran amb l\u2019aportaci\u00f3 de totes les s\u00f2cies i socis i amics del CCEF. Segueix-nos al Facebook. amb el suport de l&#8217; Ajuntament de Sant Carles de la R\u00e0pita Regidoria d&#8217; Esports<\/p>\n","protected":false},"author":1,"featured_media":0,"parent":0,"menu_order":0,"comment_status":"closed","ping_status":"closed","template":"","meta":{"footnotes":""},"class_list":["post-429","page","type-page","status-publish","hentry"],"_links":{"self":[{"href":"http:\/\/ccelaforadada.cat\/blog\/wp-json\/wp\/v2\/pages\/429","targetHints":{"allow":["GET"]}}],"collection":[{"href":"http:\/\/ccelaforadada.cat\/blog\/wp-json\/wp\/v2\/pages"}],"about":[{"href":"http:\/\/ccelaforadada.cat\/blog\/wp-json\/wp\/v2\/types\/page"}],"author":[{"embeddable":true,"href":"http:\/\/ccelaforadada.cat\/blog\/wp-json\/wp\/v2\/users\/1"}],"replies":[{"embeddable":true,"href":"http:\/\/ccelaforadada.cat\/blog\/wp-json\/wp\/v2\/comments?post=429"}],"version-history":[{"count":38,"href":"http:\/\/ccelaforadada.cat\/blog\/wp-json\/wp\/v2\/pages\/429\/revisions"}],"predecessor-version":[{"id":1696,"href":"http:\/\/ccelaforadada.cat\/blog\/wp-json\/wp\/v2\/pages\/429\/revisions\/1696"}],"wp:attachment":[{"href":"http:\/\/ccelaforadada.cat\/blog\/wp-json\/wp\/v2\/media?parent=429"}],"curies":[{"name":"wp","href":"https:\/\/api.w.org\/{rel}","templated":true}]}}