{"id":1698,"date":"2024-03-17T16:24:09","date_gmt":"2024-03-17T15:24:09","guid":{"rendered":"http:\/\/ccelaforadada.cat\/blog\/?page_id=1698"},"modified":"2026-02-15T12:01:35","modified_gmt":"2026-02-15T11:01:35","slug":"sortides-2024","status":"publish","type":"page","link":"http:\/\/ccelaforadada.cat\/blog\/sortides-2024\/","title":{"rendered":"Sortides 2024"},"content":{"rendered":"<p><a title=\"Clic per a descarregar el calendari\" href=\"http:\/\/ccelaforadada.cat\/blog\/wp-content\/uploads\/cal_2024_1.pdf\" target=\"_blank\" rel=\"noopener noreferrer\">Calendari del 1\u00ba semestre 2024<\/a><br \/>\n<a title=\"Clic per a descarregar el calendari\" href=\"http:\/\/ccelaforadada.cat\/blog\/wp-content\/uploads\/cal_2024_2.pdf\" target=\"_blank\" rel=\"noopener noreferrer\">Calendari del 2\u00ba semestre 2024<\/a><br \/>\n<!--------------------------------------------------------------------------------------------------------------------- \n   Tabla: Sortides realitzades\n----------------------------------------------------------------------------------------------------------------------><\/p>\n<table border=\"4\" cellspacing=\"2\">\n<tbody>\n<tr>\n<th scope=\"col\">Data<\/th>\n<th scope=\"col\">Lloc<\/th>\n<th scope=\"col\"><\/th>\n<th scope=\"col\"><\/th>\n<\/tr>\n<tr>\n<td width=\"15%\">24-03-2024<br \/>\n<span style=\"color: #ff0000;\">ajornada<\/span><\/td>\n<td width=\"50%\">La Fou, pujada a Bel<br \/>\n(Baix Maestrat)<\/td>\n<td width=\"15%\"><\/td>\n<td width=\"20%\"><\/td>\n<\/tr>\n<tr>\n<td width=\"15%\">16-03-2024<\/td>\n<td width=\"50%\">El Pinar Pla<br \/>\n(Parc Natural de la Tinen\u00e7a de Benifass\u00e0)<\/td>\n<td width=\"15%\"><a href=\"https:\/\/photos.app.goo.gl\/jHfwKZZrp7SBhwzZ6\" target=\"_blank\" rel=\"noopener noreferrer\">Fotos<\/a><\/td>\n<td width=\"20%\"><a href=\"http:\/\/ccelaforadada.cat\/blog\/wp-content\/uploads\/Sortida-2024-03-16-El-pinar-pla.pdf\" target=\"_blank\" rel=\"noopener noreferrer\">Full de sortida<\/a><\/td>\n<\/tr>\n<tr>\n<td width=\"15%\">10-03-2024<\/td>\n<td width=\"50%\">Illot del Torn<br \/>\n(Hospitalet de l&#8217;Infant)<\/td>\n<td width=\"15%\"><a href=\"https:\/\/photos.app.goo.gl\/6u7XPQ8yYauthhqs6\" target=\"_blank\" rel=\"noopener noreferrer\">Fotos<\/a><\/td>\n<td width=\"20%\"><a href=\"http:\/\/ccelaforadada.cat\/blog\/wp-content\/uploads\/Sortida-2024-03-10-Roca-illot-del-Torn.pdf\" target=\"_blank\" rel=\"noopener noreferrer\">Full de sortida<\/a><\/td>\n<\/tr>\n<tr>\n<td width=\"15%\">25-02-2024<br \/>\n18-02-2024<\/td>\n<td width=\"50%\">Mel Nuria<br \/>\n(Centre d&#8217;Interpretaci\u00f3 Ap\u00edcola)<\/td>\n<td width=\"15%\"><a href=\"https:\/\/photos.app.goo.gl\/BZmN45VrjjiaFQNm9\" target=\"_blank\" rel=\"noopener noreferrer\">Fotos<\/a><\/td>\n<td width=\"20%\"><a href=\"http:\/\/ccelaforadada.cat\/blog\/wp-content\/uploads\/2024-02-25-CCEF-Mel-Nuria-01.jpg\" target=\"_blank\" rel=\"noopener noreferrer\">Full de sortida<\/a><\/td>\n<\/tr>\n<tr>\n<td width=\"15%\">17-02-2024<br \/>\n18-02-2024<\/td>\n<td width=\"50%\">Raquetes de neu<br \/>\nCim de la Gallina Pelada (Serra d&#8217;Ensija)<\/td>\n<td width=\"15%\"><a href=\"https:\/\/photos.app.goo.gl\/447GxBCWnx2ys3zX7\" target=\"_blank\" rel=\"noopener noreferrer\">Fotos<\/a><\/td>\n<td width=\"20%\"><a href=\"http:\/\/ccelaforadada.cat\/blog\/wp-content\/uploads\/Sortida-2024-02-17-Refugi-Serra-dEnsija-Raquetes-de-neu.pdf\" target=\"_blank\" rel=\"noopener noreferrer\">Full de sortida<\/a><\/td>\n<\/tr>\n<tr>\n<td width=\"15%\">28-01-2024<\/td>\n<td width=\"50%\">Moleta de Alfara &#8211; La Coscollosa<\/td>\n<td width=\"15%\"><a href=\"https:\/\/photos.app.goo.gl\/XRrwvodgw9kNBu2Y6\" target=\"_blank\" rel=\"noopener noreferrer\">Fotos<\/a><\/td>\n<td width=\"20%\"><a href=\"http:\/\/ccelaforadada.cat\/blog\/wp-content\/uploads\/Sortida-2024-01-28-Font-Nova-Els-Ports.pdf\" target=\"_blank\" rel=\"noopener noreferrer\">Full de sortida<\/a><\/td>\n<\/tr>\n<tr>\n<td width=\"15%\">14-01-2024<\/td>\n<td width=\"50%\">Monte Torrero &#8211; Cam\u00ed de Cacac<\/td>\n<td width=\"15%\"><a href=\"https:\/\/photos.app.goo.gl\/KfbwQhWX1nviJir67\" target=\"_blank\" rel=\"noopener noreferrer\">Fotos<\/a><\/td>\n<td width=\"20%\"><a href=\"http:\/\/ccelaforadada.cat\/blog\/wp-content\/uploads\/Sortida-2024-01-14-Monte-Torrero.pdf\" target=\"_blank\" rel=\"noopener noreferrer\">Full de sortida<\/a><\/td>\n<\/tr>\n<tr>\n<td width=\"15%\">07-04-2024<br \/>\n<span style=\"color: #ff0000;\">ajornada<\/span><\/td>\n<td width=\"50%\">Cova Lluminosa \u2013 Creu de Santos<br \/>\n(Serra de Card\u00f3)<\/td>\n<td width=\"15%\"><\/td>\n<td width=\"20%\"><a href=\"http:\/\/ccelaforadada.cat\/blog\/wp-content\/uploads\/Sortida-2024-04-07-Cardo.pdf\" target=\"_blank\" rel=\"noopener noreferrer\">Full de sortida<\/a><\/td>\n<\/tr>\n<tr>\n<td width=\"15%\">20-04-2024<\/td>\n<td width=\"50%\">Fageda Serrassoles i teix de Millers<\/td>\n<td width=\"15%\"><\/td>\n<td width=\"20%\"><a href=\"http:\/\/ccelaforadada.cat\/blog\/wp-content\/uploads\/Sortida-2024-04-20-Fageda-Serrassoles-i-teix-de-Millers.pdf\" target=\"_blank\" rel=\"noopener noreferrer\">Full de sortida<\/a><\/td>\n<\/tr>\n<tr>\n<td width=\"15%\">27-04-2024<\/td>\n<td width=\"50%\">Sortida conjunta amb Pe\u00f1a Setrill<\/td>\n<td width=\"15%\"><\/td>\n<td width=\"20%\"><a href=\"http:\/\/ccelaforadada.cat\/blog\/wp-content\/uploads\/Sortida-2024-04-27-Sortida-conjunta-amb-Pena-Setrill.pdf\" target=\"_blank\" rel=\"noopener noreferrer\">Full de sortida<\/a><\/td>\n<\/tr>\n<tr>\n<td width=\"15%\">04-05-2024<\/td>\n<td width=\"50%\">La Portellada<\/td>\n<td width=\"15%\"><a href=\"https:\/\/photos.app.goo.gl\/B2pAuukzW3ghpzpL9\" target=\"_blank\" rel=\"noopener noreferrer\">Fotos<\/a><\/td>\n<td width=\"20%\"><a href=\"http:\/\/ccelaforadada.cat\/blog\/wp-content\/uploads\/Sortida-2024-05-04-La-Portellada.pdf\" target=\"_blank\" rel=\"noopener noreferrer\">Full de sortida<\/a><\/td>\n<\/tr>\n<tr>\n<td width=\"15%\">11-05-2024<\/td>\n<td width=\"50%\">Vall Cervera<br \/>\nVall Figuera<\/td>\n<td width=\"15%\"><\/td>\n<td width=\"20%\"><a href=\"http:\/\/ccelaforadada.cat\/blog\/wp-content\/uploads\/Sortida-2024-05-11-Vall-Cervera-Vall-Figuera.pdf\" target=\"_blank\" rel=\"noopener noreferrer\">Full de sortida<\/a><\/td>\n<\/tr>\n<tr>\n<td width=\"15%\">19-05-2024<\/td>\n<td width=\"50%\">Cerro del sol<br \/>\nPen\u00edscola<\/td>\n<td width=\"15%\"><\/td>\n<td width=\"20%\"><a href=\"http:\/\/ccelaforadada.cat\/blog\/wp-content\/uploads\/Sortida-2024-05-19-Peniscola-Cerro-del-sol.pdf\" target=\"_blank\" rel=\"noopener noreferrer\">Full de sortida<\/a><\/td>\n<\/tr>\n<tr>\n<td width=\"15%\">02-06-2024<\/td>\n<td width=\"50%\">Catedral de Tortosa<\/td>\n<td width=\"15%\"><\/td>\n<td width=\"20%\"><a href=\"http:\/\/ccelaforadada.cat\/blog\/wp-content\/uploads\/Sortida-2024-06-02-Catedral-de-Tortosa.pdf\" target=\"_blank\" rel=\"noopener noreferrer\">Full de sortida<\/a><\/td>\n<\/tr>\n<tr>\n<td width=\"15%\">09-06-2024<\/td>\n<td width=\"50%\">Lligallo vora mar GR92<\/td>\n<td width=\"15%\"><\/td>\n<td width=\"20%\"><a href=\"http:\/\/ccelaforadada.cat\/blog\/wp-content\/uploads\/Sortida-2024-06-09-Lligallo-vora-mar-GR92.pdf\" target=\"_blank\" rel=\"noopener noreferrer\">Full de sortida<\/a><\/td>\n<\/tr>\n<tr>\n<td width=\"15%\">22-06-2024<\/td>\n<td width=\"50%\">Pujada a la Foradada en lluna plena<\/td>\n<td width=\"15%\"><\/td>\n<td width=\"20%\"><a href=\"http:\/\/ccelaforadada.cat\/blog\/wp-content\/uploads\/Sortida-2024-06-22-Pujada-a-la-Foradada-en-lluna-plena-2024-1.pdf\" target=\"_blank\" rel=\"noopener noreferrer\">Full de sortida<\/a><\/td>\n<\/tr>\n<tr>\n<td width=\"15%\">29-06-2024<\/td>\n<td width=\"50%\">Sortida familiar<br \/>\nVall de Benasc<\/td>\n<td width=\"15%\"><\/td>\n<td width=\"20%\"><a href=\"\" target=\"_blank\" rel=\"noopener noreferrer\">Full de sortida<\/a><\/td>\n<\/tr>\n<tr>\n<td width=\"15%\">08-09-2024<\/td>\n<td width=\"50%\">Ofrena a la Mare de Deu de la R\u00e0pita<\/td>\n<td width=\"15%\"><a href=\"https:\/\/photos.app.goo.gl\/VeKFKQeCQimdg6Y97\" target=\"_blank\" rel=\"noopener noreferrer\">Fotos<\/a><\/td>\n<td width=\"20%\"><a href=\"http:\/\/ccelaforadada.cat\/blog\/wp-content\/uploads\/Sortida-2024-09-08-Ofrena-a-la-Mare-de-Deu-de-la-Rapita.pdf\" target=\"_blank\" rel=\"noopener noreferrer\">Full de sortida<\/a><\/td>\n<\/tr>\n<tr>\n<td width=\"15%\">14-09-2024<\/td>\n<td width=\"50%\">Lluna plena vora mar<\/td>\n<td width=\"15%\"><a href=\"https:\/\/photos.app.goo.gl\/ftceY7VgJE2hkNrF9\" target=\"_blank\" rel=\"noopener noreferrer\">Fotos<\/a><\/td>\n<td width=\"20%\"><a href=\"http:\/\/ccelaforadada.cat\/blog\/wp-content\/uploads\/Sortida-2024-09-14-Lluna-plena-vora-mar.pdf\" target=\"_blank\" rel=\"noopener noreferrer\">Full de sortida<\/a><\/td>\n<\/tr>\n<tr>\n<td width=\"15%\">22-09-2024<\/td>\n<td width=\"50%\">Aiguamolls de l&#8217;embut<\/td>\n<td width=\"15%\"><a href=\"https:\/\/photos.app.goo.gl\/wFVuptdPTmVYEqk76\" target=\"_blank\" rel=\"noopener noreferrer\">Fotos<\/a><\/td>\n<td width=\"20%\"><a href=\"http:\/\/ccelaforadada.cat\/blog\/wp-content\/uploads\/Sortida-2024-09-22-Aiguamolls-de-lembut.pdf\" target=\"_blank\" rel=\"noopener noreferrer\">Full de sortida<\/a><\/td>\n<\/tr>\n<tr>\n<td width=\"15%\">29-09-2024<\/td>\n<td width=\"50%\">Evoluci\u00f3 del Port Mar\u00edtim<\/td>\n<td width=\"15%\"><a href=\"https:\/\/photos.app.goo.gl\/qUZq55vmebbLd2zK7\" target=\"_blank\" rel=\"noopener noreferrer\">Fotos<\/a><\/td>\n<td width=\"20%\"><a href=\"http:\/\/ccelaforadada.cat\/blog\/wp-content\/uploads\/Sortida-2024-09-29-Evolucio-del-Port-Maritim.pdf\" target=\"_blank\" rel=\"noopener noreferrer\">Full de sortida<\/a><\/td>\n<\/tr>\n<tr>\n<td width=\"15%\">06-10-2024<\/td>\n<td width=\"50%\">l&#8217;Estanyet<br \/>\nSortida conjunta amb l&#8217;Agrupaci\u00f3 Excursionista d&#8217;Alcanar<\/td>\n<td width=\"15%\"><a href=\"https:\/\/photos.app.goo.gl\/qpS54mYkpuZazL6g9\" target=\"_blank\" rel=\"noopener noreferrer\">Fotos<\/a><\/td>\n<td width=\"20%\"><a href=\"http:\/\/ccelaforadada.cat\/blog\/wp-content\/uploads\/Sortida-2024-10-06-Estanyet.pdf\" target=\"_blank\" rel=\"noopener noreferrer\">Full de sortida<\/a><\/td>\n<\/tr>\n<tr>\n<td width=\"15%\">09-11-2024<\/td>\n<td width=\"50%\">Valldebous<br \/>\nParc Natural dels Ports<\/td>\n<td width=\"15%\"><\/td>\n<td width=\"20%\"><a href=\"http:\/\/ccelaforadada.cat\/blog\/wp-content\/uploads\/Sortida-2024-11-09-Valldebous-Els-Ports.pdf\" target=\"_blank\" rel=\"noopener noreferrer\">Full de sortida<\/a><\/td>\n<\/tr>\n<tr>\n<td width=\"15%\">23-11-2024<\/td>\n<td width=\"50%\">Vallibona<\/td>\n<td width=\"15%\"><\/td>\n<td width=\"20%\"><a href=\"http:\/\/ccelaforadada.cat\/blog\/wp-content\/uploads\/Sortida-2024-11-23-Vallibona.pdf\" target=\"_blank\" rel=\"noopener noreferrer\">Full de sortida<\/a><\/td>\n<\/tr>\n<tr>\n<td width=\"15%\">24-11-2024<\/td>\n<td width=\"50%\">59\u00e9 Cam\u00ed de muntanya<\/td>\n<td width=\"15%\"><a href=\"https:\/\/photos.app.goo.gl\/qKBQDWGDDxFSH8sSA\" target=\"_blank\" rel=\"noopener noreferrer\">Fotos<\/a><\/td>\n<td width=\"20%\"><a href=\"http:\/\/ccelaforadada.cat\/blog\/wp-content\/uploads\/Sortida-2024-11-24-59-Cami-de-muntanya.jpeg\" target=\"_blank\" rel=\"noopener noreferrer\">Full de sortida<\/a><\/td>\n<\/tr>\n<tr>\n<td width=\"15%\">30-11-2024<\/td>\n<td width=\"50%\">Serra de Card\u00f3<\/td>\n<td width=\"15%\"><a href=\"https:\/\/photos.app.goo.gl\/BMPEyEffRawohBvy8\" target=\"_blank\" rel=\"noopener noreferrer\">Fotos<\/a><\/td>\n<td width=\"20%\"><a href=\"http:\/\/ccelaforadada.cat\/blog\/wp-content\/uploads\/Sortida-2024-11-30-Serra-de-Cardo.pdf\" target=\"_blank\" rel=\"noopener noreferrer\">Full de sortida<\/a><\/td>\n<\/tr>\n<tr>\n<td width=\"15%\">14-12-2024<\/td>\n<td width=\"50%\">Eco-museu<br \/>\nDeltebre<\/td>\n<td width=\"15%\"><\/td>\n<td width=\"20%\"><a href=\"http:\/\/ccelaforadada.cat\/blog\/wp-content\/uploads\/Sortida-2024-12-14-CCEF-Eco-museu.pdf\" target=\"_blank\" rel=\"noopener noreferrer\">Full de sortida<\/a><\/td>\n<\/tr>\n<tr>\n<td width=\"15%\">15-12-2024<\/td>\n<td width=\"50%\">Marat\u00f3 TV3<\/td>\n<td width=\"15%\"><\/td>\n<td width=\"20%\"><a href=\"http:\/\/ccelaforadada.cat\/blog\/wp-content\/uploads\/Sortida-2024-12-15-Marato-TV3.pdf\" target=\"_blank\" rel=\"noopener noreferrer\">Full de sortida<\/a><\/td>\n<\/tr>\n<tr>\n<td width=\"15%\">20-12-2024<\/td>\n<td width=\"50%\">Projecci\u00f3 fotogr\u00e0fica<\/td>\n<td width=\"15%\"><\/td>\n<td width=\"20%\"><a href=\"http:\/\/ccelaforadada.cat\/blog\/wp-content\/uploads\/Sortida-2024-12-20-Projeccio-fotografica.pdf\" target=\"_blank\" rel=\"noopener noreferrer\">Full de sortida<\/a><\/td>\n<\/tr>\n<\/tbody>\n<\/table>\n","protected":false},"excerpt":{"rendered":"<p>Calendari del 1\u00ba semestre 2024 Calendari del 2\u00ba semestre 2024 Data Lloc 24-03-2024 ajornada La Fou, pujada a Bel (Baix Maestrat) 16-03-2024 El Pinar Pla (Parc Natural de la Tinen\u00e7a de Benifass\u00e0) Fotos Full de sortida 10-03-2024 Illot del Torn (Hospitalet de l&#8217;Infant) Fotos Full de sortida 25-02-2024 18-02-2024 Mel Nuria (Centre d&#8217;Interpretaci\u00f3 Ap\u00edcola) Fotos Full de sortida 17-02-2024 18-02-2024 Raquetes de neu Cim de la Gallina Pelada (Serra d&#8217;Ensija) Fotos Full de sortida 28-01-2024 Moleta de Alfara &#8211; La Coscollosa Fotos Full de sortida 14-01-2024 Monte Torrero &#8211; Cam\u00ed de Cacac Fotos Full de sortida 07-04-2024 ajornada Cova Lluminosa \u2013 Creu de Santos (Serra de Card\u00f3) Full de sortida 20-04-2024 Fageda Serrassoles i teix de Millers Full de sortida 27-04-2024 Sortida conjunta amb Pe\u00f1a Setrill Full de sortida 04-05-2024 La Portellada Fotos Full de sortida 11-05-2024 Vall Cervera Vall Figuera Full de sortida 19-05-2024 Cerro del sol Pen\u00edscola Full de sortida 02-06-2024 Catedral de Tortosa Full de sortida 09-06-2024 Lligallo vora mar GR92 Full de sortida 22-06-2024 Pujada a la Foradada en lluna plena Full de sortida 29-06-2024 Sortida familiar Vall de Benasc Full de sortida 08-09-2024 Ofrena a la Mare de Deu de la R\u00e0pita Fotos Full de sortida 14-09-2024 Lluna plena vora mar Fotos Full de sortida 22-09-2024 Aiguamolls de l&#8217;embut Fotos Full de sortida 29-09-2024 Evoluci\u00f3 del Port Mar\u00edtim Fotos Full de sortida 06-10-2024 l&#8217;Estanyet Sortida conjunta amb l&#8217;Agrupaci\u00f3 Excursionista d&#8217;Alcanar Fotos Full de sortida 09-11-2024 Valldebous Parc Natural dels Ports Full de sortida 23-11-2024 Vallibona <a class=\"read-more\" href=\"http:\/\/ccelaforadada.cat\/blog\/sortides-2024\/\">Continue Reading &#8594;<\/a><\/p>\n","protected":false},"author":1,"featured_media":0,"parent":0,"menu_order":0,"comment_status":"closed","ping_status":"closed","template":"","meta":{"footnotes":""},"class_list":["post-1698","page","type-page","status-publish","hentry"],"_links":{"self":[{"href":"http:\/\/ccelaforadada.cat\/blog\/wp-json\/wp\/v2\/pages\/1698","targetHints":{"allow":["GET"]}}],"collection":[{"href":"http:\/\/ccelaforadada.cat\/blog\/wp-json\/wp\/v2\/pages"}],"about":[{"href":"http:\/\/ccelaforadada.cat\/blog\/wp-json\/wp\/v2\/types\/page"}],"author":[{"embeddable":true,"href":"http:\/\/ccelaforadada.cat\/blog\/wp-json\/wp\/v2\/users\/1"}],"replies":[{"embeddable":true,"href":"http:\/\/ccelaforadada.cat\/blog\/wp-json\/wp\/v2\/comments?post=1698"}],"version-history":[{"count":38,"href":"http:\/\/ccelaforadada.cat\/blog\/wp-json\/wp\/v2\/pages\/1698\/revisions"}],"predecessor-version":[{"id":1905,"href":"http:\/\/ccelaforadada.cat\/blog\/wp-json\/wp\/v2\/pages\/1698\/revisions\/1905"}],"wp:attachment":[{"href":"http:\/\/ccelaforadada.cat\/blog\/wp-json\/wp\/v2\/media?parent=1698"}],"curies":[{"name":"wp","href":"https:\/\/api.w.org\/{rel}","templated":true}]}}