{"id":1563,"date":"2023-03-05T10:31:28","date_gmt":"2023-03-05T09:31:28","guid":{"rendered":"http:\/\/ccelaforadada.cat\/blog\/?page_id=1563"},"modified":"2026-02-15T12:02:01","modified_gmt":"2026-02-15T11:02:01","slug":"sortides-2023","status":"publish","type":"page","link":"http:\/\/ccelaforadada.cat\/blog\/sortides-2023\/","title":{"rendered":"Sortides 2023"},"content":{"rendered":"<p><a title=\"Clic per a descarregar el calendari\" href=\"http:\/\/ccelaforadada.cat\/blog\/wp-content\/uploads\/cal_2023_1.pdf\" target=\"_blank\" rel=\"noopener noreferrer\">Calendari del 1\u00ba semestre 2023<\/a><br \/>\n<a title=\"Clic per a descarregar el calendari\" href=\"http:\/\/ccelaforadada.cat\/blog\/wp-content\/uploads\/cal_2023_2.pdf\" target=\"_blank\" rel=\"noopener noreferrer\">Calendari del 2\u00ba semestre 2023<\/a><br \/>\n<!--------------------------------------------------------------------------------------------------------------------- \n   Tabla: Sortides realitzades\n----------------------------------------------------------------------------------------------------------------------><\/p>\n<table border=\"4\" cellspacing=\"2\">\n<tbody>\n<tr>\n<th scope=\"col\">Data<\/th>\n<th scope=\"col\">Lloc<\/th>\n<th scope=\"col\"><\/th>\n<th scope=\"col\"><\/th>\n<\/tr>\n<tr>\n<td width=\"15%\">17-12-2023<\/td>\n<td width=\"50%\">Marat\u00f3 de TV3<br \/>\n(Salut sexual i reproductiva)<\/td>\n<td width=\"15%\"><a href=\"https:\/\/photos.app.goo.gl\/hsZHtnYFFa7AZpuk7\" target=\"_blank\" rel=\"noopener noreferrer\">Fotos<\/a><\/td>\n<td width=\"20%\"><a href=\"http:\/\/ccelaforadada.cat\/blog\/wp-content\/uploads\/Sortida-2023-12-17-Marato-TV3.pdf\" target=\"_blank\" rel=\"noopener noreferrer\">Full de sortida<\/a><\/td>\n<\/tr>\n<tr>\n<td width=\"15%\">18-11-2023<\/td>\n<td width=\"50%\">Serra del Montsi\u00e0<\/td>\n<td width=\"15%\"><\/td>\n<td width=\"20%\"><a href=\"http:\/\/ccelaforadada.cat\/blog\/wp-content\/uploads\/Sortida-2023-11-18-Serra-del-Montsia.pdf\" target=\"_blank\" rel=\"noopener noreferrer\">Full de sortida<\/a><\/td>\n<\/tr>\n<tr>\n<td width=\"15%\">03-11-2023<br \/>\n04-11-2023<br \/>\n05-11-2023<\/td>\n<td width=\"50%\">Sortida de Tard\u00f3 a la Selva de Irati<br \/>\n(Navarra)<\/td>\n<td width=\"15%\"><a href=\"https:\/\/photos.app.goo.gl\/KPdg5bgmDwk1PM6RA\" target=\"_blank\" rel=\"noopener noreferrer\">Fotos<\/a><\/td>\n<td width=\"20%\"><a href=\"http:\/\/ccelaforadada.cat\/blog\/wp-content\/uploads\/Sortida-2023-11-03-Sortida-de-tardor-Irati.pdf\" target=\"_blank\" rel=\"noopener noreferrer\">Full de sortida<\/a><\/td>\n<\/tr>\n<tr>\n<td width=\"15%\">08-10-2023<\/td>\n<td width=\"50%\">Portell de l\u2019Infern &#8211; Salt de Robert<br \/>\n(Fredes)<\/td>\n<td width=\"15%\"><a href=\"https:\/\/photos.app.goo.gl\/QC77Aqnr5pPtXhNFA\" target=\"_blank\" rel=\"noopener noreferrer\">Fotos<\/a><\/td>\n<td width=\"20%\"><a href=\"http:\/\/ccelaforadada.cat\/blog\/wp-content\/uploads\/Sortida-2023-10-08-Portell-del-infern.pdf\" target=\"_blank\" rel=\"noopener noreferrer\">Full de sortida<\/a><\/td>\n<\/tr>\n<tr>\n<td width=\"15%\">07-10-2023<br \/>\n<span style=\"color: #ff0000;\">(ajornada)<\/span><\/td>\n<td width=\"50%\">Jornades d\u2019iniciaci\u00f3 a l\u2019escalada<\/td>\n<td width=\"15%\"><\/td>\n<td width=\"20%\"><\/td>\n<\/tr>\n<tr>\n<td width=\"15%\">30-09-2023<\/td>\n<td width=\"50%\">Sortida en Lluna Plena lligallo vora mar<br \/>\n(Tram del GR 92)<\/td>\n<td width=\"15%\"><a href=\"https:\/\/photos.app.goo.gl\/h8dGMgWt6uoBBTDP6\" target=\"_blank\" rel=\"noopener noreferrer\">Fotos<\/a><\/td>\n<td width=\"20%\"><a href=\"http:\/\/ccelaforadada.cat\/blog\/wp-content\/uploads\/Sortida-2023-09-30-Lluna-plena-vora-mar.pdf\" target=\"_blank\" rel=\"noopener noreferrer\">Full de sortida<\/a><\/td>\n<\/tr>\n<tr>\n<td width=\"15%\">24-09-2023<\/td>\n<td width=\"50%\">Campament de bateries antiaeries<br \/>\n(Serra del Montsi\u00e0)<br \/>\nD\u00eda del dinar del soci\/ia<\/td>\n<td width=\"15%\"><\/td>\n<td width=\"20%\"><a href=\"http:\/\/ccelaforadada.cat\/blog\/wp-content\/uploads\/Sortida-2023-09-24-Campament-de-bateries-antiaeries.pdf\" target=\"_blank\" rel=\"noopener noreferrer\">Full de sortida<\/a><\/td>\n<\/tr>\n<tr>\n<td width=\"15%\">08-09-2023<\/td>\n<td width=\"50%\">Les Roques del Masmut<br \/>\n(Penya Roja de Tastavins)<\/td>\n<td width=\"15%\"><a href=\"https:\/\/photos.app.goo.gl\/1pDsfHTad1wAusxg9\" target=\"_blank\" rel=\"noopener noreferrer\">Fotos<\/a><\/td>\n<td width=\"20%\"><a href=\"http:\/\/ccelaforadada.cat\/blog\/wp-content\/uploads\/Sortida-2023-09-16-Roques-del-Masmut.pdf\" target=\"_blank\" rel=\"noopener noreferrer\">Full de sortida<\/a><\/td>\n<\/tr>\n<tr>\n<td width=\"15%\">08-09-2023<\/td>\n<td width=\"50%\">Ofrena a la Mare de D\u00e9u de La R\u00e0pita<\/td>\n<td width=\"15%\"><\/td>\n<td width=\"20%\"><a href=\"http:\/\/ccelaforadada.cat\/blog\/wp-content\/uploads\/Sortida-2023-09-08-Ofrena-a-la-Mare-de-Deu-de-la-Rapita.pdf\" target=\"_blank\" rel=\"noopener noreferrer\">Full de sortida<\/a><\/td>\n<\/tr>\n<tr>\n<td width=\"15%\">25-07-2023<\/td>\n<td width=\"50%\">Ofrena a Sant Jaume<br \/>\n(Feste Majors de La R\u00e1pita)<\/td>\n<td width=\"15%\"><a href=\"https:\/\/photos.app.goo.gl\/1gRhrAZ3YxtpXJiF8\" target=\"_blank\" rel=\"noopener noreferrer\">Fotos<\/a><\/td>\n<td width=\"20%\"><a href=\"http:\/\/ccelaforadada.cat\/blog\/wp-content\/uploads\/Sortida-2023-07-25-Ofrena-a-Sant-Jaume.pdf\" target=\"_blank\" rel=\"noopener noreferrer\">Full de sortida<\/a><\/td>\n<\/tr>\n<tr>\n<td width=\"15%\">30-06-2023<br \/>\n01-07-2023<br \/>\n02-07-2023<\/td>\n<td width=\"50%\">Sortida familias al Pirineu: Vall d&#8217;Aran<br \/>\nLlacs de Colomer, Refugi de Montgarri<\/td>\n<td width=\"15%\"><a href=\"https:\/\/photos.app.goo.gl\/kn6iRgQBZ6ximYRN7\" target=\"_blank\" rel=\"noopener noreferrer\">Fotos (1\/3)<\/a><br \/>\n<a href=\"https:\/\/photos.app.goo.gl\/bGvgWCHufYX9myCTA\" target=\"_blank\" rel=\"noopener noreferrer\">Fotos (2\/3)<\/a><br \/>\n<a href=\"https:\/\/photos.app.goo.gl\/duGhpYUmDRUDLR836\" target=\"_blank\" rel=\"noopener noreferrer\">Fotos (3\/3)<\/a><\/td>\n<td width=\"20%\"><a href=\"http:\/\/ccelaforadada.cat\/blog\/wp-content\/uploads\/Sortida-2023-06-30-Vall-Aran.pdf\" target=\"_blank\" rel=\"noopener noreferrer\">Full de sortida<\/a><\/td>\n<\/tr>\n<tr>\n<td width=\"15%\">17-06-2023<\/td>\n<td width=\"50%\">El Ventador, salt de Sotorres<br \/>\n(Parc Natural dels Ports)<\/td>\n<td width=\"15%\"><a href=\"https:\/\/photos.app.goo.gl\/Se4WaAR5eKkGJ2yp7\" target=\"_blank\" rel=\"noopener noreferrer\">Fotos (1\/3)<\/a><\/td>\n<td width=\"20%\"><a href=\"http:\/\/ccelaforadada.cat\/blog\/wp-content\/uploads\/Sortida-2023-06-17-Salts-de-Sotorres-i-del-Ventador.pdf\" target=\"_blank\" rel=\"noopener noreferrer\">Full de sortida<\/a><\/td>\n<\/tr>\n<tr>\n<td width=\"15%\">03-06-2023<\/td>\n<td width=\"50%\">XXIII Pujada a La Foradada en Lluna Plena<\/td>\n<td width=\"15%\"><a href=\"https:\/\/photos.app.goo.gl\/yzrPVY9ux79QjgZR7\" target=\"_blank\" rel=\"noopener noreferrer\">Fotos (1\/3)<\/a><\/td>\n<td width=\"20%\"><a href=\"http:\/\/ccelaforadada.cat\/blog\/wp-content\/uploads\/Sortida-2023-06-03-Pujada-a-la-Foradada-en-lluna-plena-2023.pdf\" target=\"_blank\" rel=\"noopener noreferrer\">Full de sortida<\/a><\/td>\n<\/tr>\n<tr>\n<td width=\"15%\">28-05-2023<br \/>\n<span style=\"color: #ff0000;\">(ajornada)<\/span><\/td>\n<td width=\"50%\">Centre d\u2019Interpretaci\u00f3 ap\u00edcola Mel M\u00faria<br \/>\n(El Perell\u00f3)<\/td>\n<td width=\"15%\"><\/td>\n<td width=\"20%\"><\/td>\n<\/tr>\n<tr>\n<td width=\"15%\">13-05-2023<br \/>\n<span style=\"color: #ff0000;\">(ajornada)<\/span><\/td>\n<td width=\"50%\">Les Roques del Masmut<br \/>\n(Penya Roja de Tastavins)<\/td>\n<td width=\"15%\"><\/td>\n<td width=\"20%\"><a href=\"http:\/\/ccelaforadada.cat\/blog\/wp-content\/uploads\/Sortida-2023-05-13-Roques-del-Masmut.pdf\" target=\"_blank\" rel=\"noopener noreferrer\">Full de sortida<\/a><\/td>\n<\/tr>\n<tr>\n<td width=\"15%\">29-04-2023<\/td>\n<td width=\"50%\">Barranc dels Horts<br \/>\n(Ares del Maestrat, Castell\u00f3)<\/td>\n<td width=\"15%\"><\/td>\n<td width=\"20%\"><a href=\"http:\/\/ccelaforadada.cat\/blog\/wp-content\/uploads\/Sortida-2023-03-18-Jornada-escalada.jpg\" target=\"_blank\" rel=\"noopener noreferrer\">Full de sortida<\/a><\/td>\n<\/tr>\n<tr>\n<td width=\"15%\">02-04-2023<br \/>\n<span style=\"color: #ff0000;\">(ajornada)<\/span><\/td>\n<td width=\"50%\">Netejar de pl\u00e0stics les cales entre La R\u00e0pita i Les Cases d\u2019Alcanar<br \/>\n(GR 92 \u2013 Lligallo Voramar)<\/td>\n<td width=\"15%\"><\/td>\n<td width=\"20%\"><\/td>\n<\/tr>\n<tr>\n<td width=\"15%\">18-03-2023<\/td>\n<td width=\"50%\">Pr\u00e0ctiques d&#8217;escalada<\/td>\n<td width=\"15%\"><\/td>\n<td width=\"20%\"><a href=\"http:\/\/ccelaforadada.cat\/blog\/wp-content\/uploads\/Sortida-2023-03-18-Jornada-escalada.jpg\" target=\"_blank\" rel=\"noopener noreferrer\">Full de sortida<\/a><\/td>\n<\/tr>\n<tr>\n<td width=\"15%\">12-03-2023<\/td>\n<td width=\"50%\">Bioparc<br \/>\n(Valencia)<\/td>\n<td width=\"15%\"><a href=\"https:\/\/photos.app.goo.gl\/iKg7CZwQWLobmeE8A\" target=\"_blank\" rel=\"noopener noreferrer\">Fotos<\/a><\/td>\n<td width=\"20%\"><a href=\"http:\/\/ccelaforadada.cat\/blog\/wp-content\/uploads\/Sortida-2023-03-12-BioParc-Valencia.pdf\" target=\"_blank\" rel=\"noopener noreferrer\">Full de sortida<\/a><\/td>\n<\/tr>\n<tr>\n<td width=\"15%\">04-03-2023<\/td>\n<td width=\"50%\">Mas de La Franqueta &#8211; Carrer Ample<br \/>\n(Parc Natural dels Ports)<\/td>\n<td width=\"15%\"><a href=\"https:\/\/photos.app.goo.gl\/3ZQC4Aq69m343Cdi6\" target=\"_blank\" rel=\"noopener noreferrer\">Fotos<\/a><\/td>\n<td width=\"20%\"><a href=\"http:\/\/ccelaforadada.cat\/blog\/wp-content\/uploads\/Sortida-2023-03-04-Carrer-ample.pdf\" target=\"_blank\" rel=\"noopener noreferrer\">Full de sortida<\/a><\/td>\n<\/tr>\n<tr>\n<td width=\"15%\">18-02-2023<br \/>\n19-02-2023<\/td>\n<td width=\"50%\">Raquetes de neu<br \/>\nEstanys de la Pera<\/td>\n<td width=\"15%\"><a href=\"https:\/\/photos.app.goo.gl\/uUNXk3fo6vztaFTC6\" target=\"_blank\" rel=\"noopener noreferrer\">Fotos<\/a><\/td>\n<td width=\"20%\"><a href=\"http:\/\/ccelaforadada.cat\/blog\/wp-content\/uploads\/Sortida-2023-02-18-Raquetes-2023.pdf\" target=\"_blank\" rel=\"noopener noreferrer\">Full de sortida<\/a><\/td>\n<\/tr>\n<tr>\n<td width=\"15%\">17-02-2023<\/td>\n<td width=\"50%\">Manteniment de senders<\/td>\n<td width=\"15%\"><\/td>\n<td width=\"20%\"><a href=\"http:\/\/ccelaforadada.cat\/blog\/wp-content\/uploads\/Sortida-2023-02-17-Manteniment-de-senders.pdf\" target=\"_blank\" rel=\"noopener noreferrer\">Full de sortida<\/a><\/td>\n<\/tr>\n<tr>\n<td width=\"15%\">12-02-2023<\/td>\n<td width=\"50%\">Bassa de les Olles &#8211; La Goleta<br \/>\n(L&#8217;Ampolla, Bad\u00eda del Fangar)<\/td>\n<td width=\"15%\"><a href=\"https:\/\/photos.app.goo.gl\/8oLKTXne27zEaLB19\" target=\"_blank\" rel=\"noopener noreferrer\">Fotos<\/a><\/td>\n<td width=\"20%\"><a href=\"http:\/\/ccelaforadada.cat\/blog\/wp-content\/uploads\/Sortida-2023-02-12-Bassa-de-les-Olles.pdf\" target=\"_blank\" rel=\"noopener noreferrer\">Full de sortida<\/a><\/td>\n<\/tr>\n<tr>\n<td width=\"15%\">29-01-2023<\/td>\n<td width=\"50%\">Mas de Mulet<br \/>\n(Serra del Montsi\u00e0)<\/td>\n<td width=\"15%\"><a href=\"https:\/\/photos.app.goo.gl\/bC1kCwYXsESXzndr9\" target=\"_blank\" rel=\"noopener noreferrer\">Fotos<\/a><\/td>\n<td width=\"20%\"><a href=\"http:\/\/ccelaforadada.cat\/blog\/wp-content\/uploads\/Sortida-2023-01-29-Serra-del-Montsia.pdf\" target=\"_blank\" rel=\"noopener noreferrer\">Full de sortida<\/a><\/td>\n<\/tr>\n<tr>\n<td width=\"15%\">15-01-2023<\/td>\n<td width=\"50%\">Torre del Calvo \u2013 Torre de Morralla<br \/>\n(Cam\u00ed dels Bandolers, Lligallo voramar)<\/td>\n<td width=\"15%\"><a href=\"https:\/\/photos.app.goo.gl\/kM6Hc68rEoPEqTZSA\" target=\"_blank\" rel=\"noopener noreferrer\">Fotos<\/a><\/td>\n<td width=\"20%\"><a href=\"http:\/\/ccelaforadada.cat\/blog\/wp-content\/uploads\/Sortida-2023-01-15-Cami-dels-bandolers.pdf\" target=\"_blank\" rel=\"noopener noreferrer\">Full de sortida<\/a><\/td>\n<\/tr>\n<\/tbody>\n<\/table>\n","protected":false},"excerpt":{"rendered":"<p>Calendari del 1\u00ba semestre 2023 Calendari del 2\u00ba semestre 2023 Data Lloc 17-12-2023 Marat\u00f3 de TV3 (Salut sexual i reproductiva) Fotos Full de sortida 18-11-2023 Serra del Montsi\u00e0 Full de sortida 03-11-2023 04-11-2023 05-11-2023 Sortida de Tard\u00f3 a la Selva de Irati (Navarra) Fotos Full de sortida 08-10-2023 Portell de l\u2019Infern &#8211; Salt de Robert (Fredes) Fotos Full de sortida 07-10-2023 (ajornada) Jornades d\u2019iniciaci\u00f3 a l\u2019escalada 30-09-2023 Sortida en Lluna Plena lligallo vora mar (Tram del GR 92) Fotos Full de sortida 24-09-2023 Campament de bateries antiaeries (Serra del Montsi\u00e0) D\u00eda del dinar del soci\/ia Full de sortida 08-09-2023 Les Roques del Masmut (Penya Roja de Tastavins) Fotos Full de sortida 08-09-2023 Ofrena a la Mare de D\u00e9u de La R\u00e0pita Full de sortida 25-07-2023 Ofrena a Sant Jaume (Feste Majors de La R\u00e1pita) Fotos Full de sortida 30-06-2023 01-07-2023 02-07-2023 Sortida familias al Pirineu: Vall d&#8217;Aran Llacs de Colomer, Refugi de Montgarri Fotos (1\/3) Fotos (2\/3) Fotos (3\/3) Full de sortida 17-06-2023 El Ventador, salt de Sotorres (Parc Natural dels Ports) Fotos (1\/3) Full de sortida 03-06-2023 XXIII Pujada a La Foradada en Lluna Plena Fotos (1\/3) Full de sortida 28-05-2023 (ajornada) Centre d\u2019Interpretaci\u00f3 ap\u00edcola Mel M\u00faria (El Perell\u00f3) 13-05-2023 (ajornada) Les Roques del Masmut (Penya Roja de Tastavins) Full de sortida 29-04-2023 Barranc dels Horts (Ares del Maestrat, Castell\u00f3) Full de sortida 02-04-2023 (ajornada) Netejar de pl\u00e0stics les cales entre La R\u00e0pita i Les Cases d\u2019Alcanar (GR 92 \u2013 Lligallo Voramar) 18-03-2023 Pr\u00e0ctiques d&#8217;escalada Full de sortida 12-03-2023 <a class=\"read-more\" href=\"http:\/\/ccelaforadada.cat\/blog\/sortides-2023\/\">Continue Reading &#8594;<\/a><\/p>\n","protected":false},"author":1,"featured_media":0,"parent":0,"menu_order":0,"comment_status":"closed","ping_status":"closed","template":"","meta":{"footnotes":""},"class_list":["post-1563","page","type-page","status-publish","hentry"],"_links":{"self":[{"href":"http:\/\/ccelaforadada.cat\/blog\/wp-json\/wp\/v2\/pages\/1563","targetHints":{"allow":["GET"]}}],"collection":[{"href":"http:\/\/ccelaforadada.cat\/blog\/wp-json\/wp\/v2\/pages"}],"about":[{"href":"http:\/\/ccelaforadada.cat\/blog\/wp-json\/wp\/v2\/types\/page"}],"author":[{"embeddable":true,"href":"http:\/\/ccelaforadada.cat\/blog\/wp-json\/wp\/v2\/users\/1"}],"replies":[{"embeddable":true,"href":"http:\/\/ccelaforadada.cat\/blog\/wp-json\/wp\/v2\/comments?post=1563"}],"version-history":[{"count":61,"href":"http:\/\/ccelaforadada.cat\/blog\/wp-json\/wp\/v2\/pages\/1563\/revisions"}],"predecessor-version":[{"id":1906,"href":"http:\/\/ccelaforadada.cat\/blog\/wp-json\/wp\/v2\/pages\/1563\/revisions\/1906"}],"wp:attachment":[{"href":"http:\/\/ccelaforadada.cat\/blog\/wp-json\/wp\/v2\/media?parent=1563"}],"curies":[{"name":"wp","href":"https:\/\/api.w.org\/{rel}","templated":true}]}}