{"id":1408,"date":"2021-12-25T20:35:16","date_gmt":"2021-12-25T19:35:16","guid":{"rendered":"http:\/\/ccelaforadada.cat\/blog\/?page_id=1408"},"modified":"2022-12-26T13:10:45","modified_gmt":"2022-12-26T12:10:45","slug":"sortides-2022","status":"publish","type":"page","link":"http:\/\/ccelaforadada.cat\/blog\/sortides-2022\/","title":{"rendered":"Sortides 2022"},"content":{"rendered":"<p><a title=\"Clic per a descarregar el calendari\" href=\"http:\/\/ccelaforadada.cat\/blog\/wp-content\/uploads\/cal_2022_1.pdf\" target=\"_blank\" rel=\"noopener noreferrer\">Calendari del 1\u00ba semestre 2022<\/a><br \/>\n<a title=\"Clic per a descarregar el calendari\" href=\"http:\/\/ccelaforadada.cat\/blog\/wp-content\/uploads\/cal_2022_2.pdf\" target=\"_blank\" rel=\"noopener noreferrer\">Calendari del 2\u00ba semestre 2022<\/a><br \/>\n<!--------------------------------------------------------------------------------------------------------------------- \n   Tabla: Sortides realitzades\n----------------------------------------------------------------------------------------------------------------------><\/p>\n<table border=\"4\" cellspacing=\"2\">\n<tbody>\n<tr>\n<th scope=\"col\">Data<\/th>\n<th scope=\"col\">Lloc<\/th>\n<th scope=\"col\"><\/th>\n<th scope=\"col\"><\/th>\n<\/tr>\n<tr>\n<td width=\"15%\">18-12-2022<\/td>\n<td width=\"50%\">Marat\u00f3 TV3<br \/>\nEl CCEF participa a la Marat\u00f3 de TV3 a La R\u00e0pita<\/td>\n<td width=\"15%\"><a href=\"https:\/\/photos.app.goo.gl\/9jkyEhUaL6VdrNPi7\" target=\"_blank\" rel=\"noopener noreferrer\">Fotos<\/a><\/td>\n<td width=\"20%\"><a href=\"http:\/\/ccelaforadada.cat\/blog\/wp-content\/uploads\/Sortida-2022-12-18-Marato-TV3.pdf\" target=\"_blank\" rel=\"noopener noreferrer\">Full de sortida<\/a><\/td>\n<\/tr>\n<tr>\n<td width=\"15%\">27-11-2022<\/td>\n<td width=\"50%\">Pinar Pla (Fredes)<\/td>\n<td width=\"15%\"><a href=\"https:\/\/photos.app.goo.gl\/eDwo6mQLPU2D6KMi6\" target=\"_blank\" rel=\"noopener noreferrer\">Fotos<\/a><\/td>\n<td width=\"20%\"><a href=\"http:\/\/ccelaforadada.cat\/blog\/wp-content\/uploads\/Sortida-2022-11-27-Pinar-Pla.pdf\" target=\"_blank\" rel=\"noopener noreferrer\">Full de sortida<\/a><\/td>\n<\/tr>\n<tr>\n<td width=\"15%\">23-11-2022<\/td>\n<td width=\"50%\">Neteja de senderes<br \/>\nFont de Burg\u00e0<\/td>\n<td width=\"15%\"><a href=\"https:\/\/photos.app.goo.gl\/mmD1f7En2QioUxkK7\" target=\"_blank\" rel=\"noopener noreferrer\">Fotos<\/a><\/td>\n<td width=\"20%\"><a href=\"http:\/\/ccelaforadada.cat\/blog\/wp-content\/uploads\/Sortida-2022-11-23-Neteja-de-senderes.pdf\" target=\"_blank\" rel=\"noopener noreferrer\">Full de sortida<\/a><\/td>\n<\/tr>\n<tr>\n<td width=\"15%\">20-11-2022<\/td>\n<td width=\"50%\">Jornades europees de patrimoni 2022<br \/>\nL&#8217;entorn del municipi de La R\u00e0pita<\/td>\n<td width=\"15%\"><a href=\"https:\/\/photos.app.goo.gl\/rUD6JWnqjHXW5knu9\" target=\"_blank\" rel=\"noopener noreferrer\">Fotos<\/a><\/td>\n<td width=\"20%\"><a href=\"http:\/\/ccelaforadada.cat\/blog\/wp-content\/uploads\/Sortida-2022-11-20-Jornades-europees-de-patrimoni-2022.png\" target=\"_blank\" rel=\"noopener noreferrer\">Full de sortida<\/a><\/td>\n<\/tr>\n<tr>\n<td width=\"15%\">13-11-2022<\/td>\n<td width=\"50%\">Jornada d&#8217;iniciaci\u00f3 a l&#8217; escalada<br \/>\n(Mola Plana, Mola Vilero)<\/td>\n<td width=\"15%\"><a href=\"https:\/\/photos.app.goo.gl\/uuFHjyfxZMLNxjfe8\" target=\"_blank\" rel=\"noopener noreferrer\">Fotos<\/a><\/td>\n<td width=\"20%\"><a href=\"http:\/\/ccelaforadada.cat\/blog\/wp-content\/uploads\/Sortida-2022-11-13-Jornada-diniciacio-a-lescalada.pdf\" target=\"_blank\" rel=\"noopener noreferrer\">Full de sortida<\/a><\/td>\n<\/tr>\n<tr>\n<td width=\"15%\">06-11-2022<\/td>\n<td width=\"50%\">Antics camins de la ribera<br \/>\n(Dinar del soci)<\/td>\n<td width=\"15%\"><a href=\"https:\/\/photos.app.goo.gl\/GuudRD5tJ7jAk4KQ7\" target=\"_blank\" rel=\"noopener noreferrer\">Fotos<\/a><\/td>\n<td width=\"20%\"><a href=\"http:\/\/ccelaforadada.cat\/blog\/wp-content\/uploads\/Sortida-2022-11-06-Antics-camins-de-la-ribera.pdf\" target=\"_blank\" rel=\"noopener noreferrer\">Full de sortida<\/a><\/td>\n<\/tr>\n<tr>\n<td width=\"15%\">29-10-2022<br \/>\n30-10-2022<\/td>\n<td width=\"50%\">Sortida de tardor<br \/>\nConca: Ciutat monumental<\/td>\n<td width=\"15%\"><a href=\"https:\/\/photos.app.goo.gl\/txnE1SJLefUwV83B7\" target=\"_blank\" rel=\"noopener noreferrer\">Fotos<\/a><\/td>\n<td width=\"20%\"><a href=\"http:\/\/ccelaforadada.cat\/blog\/wp-content\/uploads\/Sortida-2022-10-29-Conca-Sortida-de-tardor.pdf\" target=\"_blank\" rel=\"noopener noreferrer\">Full de sortida<\/a><\/td>\n<\/tr>\n<tr>\n<td width=\"15%\">22-10-2022<\/td>\n<td width=\"50%\">Faig Pare i Pi Gros<br \/>\n(Parc Natural dels Ports)<\/td>\n<td width=\"15%\"><a href=\"https:\/\/photos.app.goo.gl\/veWWY9cAbtWsHVw37\" target=\"_blank\" rel=\"noopener noreferrer\">Fotos<\/a><\/td>\n<td width=\"20%\"><a href=\"http:\/\/ccelaforadada.cat\/blog\/wp-content\/uploads\/Sortida-2022-10-22-Faig-Pare-i-Pi-Gros.pdf\" target=\"_blank\" rel=\"noopener noreferrer\">Full de sortida<\/a><\/td>\n<\/tr>\n<tr>\n<td width=\"15%\">01-10-2022<\/td>\n<td width=\"50%\">La Foradada<br \/>\n75\u00e9 + 1 aniversari de la Agrupaci\u00f3 Musical Rapitenca<\/td>\n<td width=\"15%\"><\/td>\n<td width=\"20%\"><a href=\"http:\/\/ccelaforadada.cat\/blog\/wp-content\/uploads\/Sortida-2022-10-01-La-Foradada-Agrupacio-Musical.pdf\" target=\"_blank\" rel=\"noopener noreferrer\">Full de sortida<\/a><\/td>\n<\/tr>\n<tr>\n<td width=\"15%\">24-09-2022<\/td>\n<td width=\"50%\">Teixos del Marturi<br \/>\n(Parc Natural dels Ports)<\/td>\n<td width=\"15%\"><a href=\"https:\/\/photos.app.goo.gl\/oaqZ2fvQ49QmZUyn8\" target=\"_blank\" rel=\"noopener noreferrer\">Fotos<\/a><\/td>\n<td width=\"20%\"><a href=\"http:\/\/ccelaforadada.cat\/blog\/wp-content\/uploads\/Sortida-2022-09-24-Parc-Natural-dels-Ports.pdf\" target=\"_blank\" rel=\"noopener noreferrer\">Full de sortida<\/a><\/td>\n<\/tr>\n<tr>\n<td width=\"15%\">18-09-2022<\/td>\n<td width=\"50%\">Ruta dels antics molins<br \/>\n(Alcanar)<\/td>\n<td width=\"15%\"><a href=\"https:\/\/photos.app.goo.gl\/usPx4M6BxmwcZeCF9\" target=\"_blank\" rel=\"noopener noreferrer\">Fotos<\/a><\/td>\n<td width=\"20%\"><a href=\"http:\/\/ccelaforadada.cat\/blog\/wp-content\/uploads\/Sortida-2022-09-18-Ruta-dels-antics-molins-Alcanar.pdf\" target=\"_blank\" rel=\"noopener noreferrer\">Full de sortida<\/a><\/td>\n<\/tr>\n<tr>\n<td width=\"15%\">10-09-2022<\/td>\n<td width=\"50%\">Lluna plena vora mar (GR92)<br \/>\n(La R\u00e0pita)<\/td>\n<td width=\"15%\"><a href=\"https:\/\/photos.app.goo.gl\/322CRJs92DbaMLCH8\" target=\"_blank\" rel=\"noopener noreferrer\">Fotos<\/a><\/td>\n<td width=\"20%\"><a href=\"http:\/\/ccelaforadada.cat\/blog\/wp-content\/uploads\/Sortida-2022-09-10-Lluna-plena-vora-mar.pdf\" target=\"_blank\" rel=\"noopener noreferrer\">Full de sortida<\/a><\/td>\n<\/tr>\n<tr>\n<td width=\"15%\">08-09-2022<\/td>\n<td width=\"50%\">Ofrena a la Mare de Deu de La R\u00e0pita<\/td>\n<td width=\"15%\"><a href=\"https:\/\/photos.app.goo.gl\/wqiVx4yFCvcUJHpM8\" target=\"_blank\" rel=\"noopener noreferrer\">Fotos<\/a><\/td>\n<td width=\"20%\"><a href=\"http:\/\/ccelaforadada.cat\/blog\/wp-content\/uploads\/Sortida-2022-09-08-Ofrena-a-la-Mare-de-Deu-de-la-Rapita.pdf\" target=\"_blank\" rel=\"noopener noreferrer\">Full de sortida<\/a><\/td>\n<\/tr>\n<tr>\n<td width=\"15%\">01-07-2022<br \/>\n02-07-2022<br \/>\n03-07-2022<\/td>\n<td width=\"50%\">A\u00f1\u00edsco, Ordesa i Otal<br \/>\n(Pirineu Aragones)<\/td>\n<td width=\"15%\"><a href=\"https:\/\/photos.app.goo.gl\/ErvZjV8DzcW4kxuf9\" target=\"_blank\" rel=\"noopener noreferrer\">Fotos<\/a><\/td>\n<td width=\"20%\"><a href=\"http:\/\/ccelaforadada.cat\/blog\/wp-content\/uploads\/Sortida-2022-07-01-Ordesa.pdf\" target=\"_blank\" rel=\"noopener noreferrer\">Full de sortida<\/a><\/td>\n<\/tr>\n<tr>\n<td width=\"15%\">19-06-2022<\/td>\n<td width=\"50%\">Serra del Montsi\u00e0<br \/>\nSortida conjunta amb la penya Setrill de Benicarl\u00f3<\/td>\n<td width=\"15%\"><\/td>\n<td width=\"20%\"><a href=\"http:\/\/ccelaforadada.cat\/blog\/wp-content\/uploads\/Sortida-2022-06-19-Penya-Setrill-de-Benicarlo.pdf\" target=\"_blank\" rel=\"noopener noreferrer\">Full de sortida<\/a><\/td>\n<\/tr>\n<tr>\n<td width=\"15%\">18-06-2022<\/td>\n<td width=\"50%\">Inauguraci\u00f3 del tram del GR92 pel seu pas per La R\u00e0pita<\/td>\n<td width=\"15%\"><a href=\"https:\/\/photos.app.goo.gl\/i9EYyXptubLA49bP9\" target=\"_blank\" rel=\"noopener noreferrer\">Fotos<\/a><\/td>\n<td width=\"20%\"><a href=\"http:\/\/ccelaforadada.cat\/blog\/wp-content\/uploads\/Sortida-2022-06-18-28-2022-Circular-FEEC-El-GR-92-sacosta-a-la-Mediterrania.pdf\" target=\"_blank\" rel=\"noopener noreferrer\">Full de sortida<\/a><\/td>\n<\/tr>\n<tr>\n<td width=\"15%\">29-05-2022<\/td>\n<td width=\"50%\">Penya de Bel<br \/>\n(Tinen\u00e7a de Benifass\u00e0)<\/td>\n<td width=\"15%\"><a href=\"https:\/\/photos.app.goo.gl\/u7jYCijU3yW7dUeQ7\" target=\"_blank\" rel=\"noopener noreferrer\">Fotos<\/a><\/td>\n<td width=\"20%\"><a href=\"http:\/\/ccelaforadada.cat\/blog\/wp-content\/uploads\/Sortida-2022-05-29-Penya-de-Bel.pdf\" target=\"_blank\" rel=\"noopener noreferrer\">Full de sortida<\/a><\/td>\n<\/tr>\n<tr>\n<td width=\"15%\">15-05-2022<\/td>\n<td width=\"50%\">Sortida bot\u00e0nica<br \/>\nCam\u00ed fluvial del riu de La S\u00e9nia \u2013 Toll dels Arenals<br \/>\n(La S\u00e9nia)<\/td>\n<td width=\"15%\"><a href=\"https:\/\/photos.app.goo.gl\/dgUGSfJzZBWTYVLR8\" target=\"_blank\" rel=\"noopener noreferrer\">Fotos<\/a><\/td>\n<td width=\"20%\"><a href=\"http:\/\/ccelaforadada.cat\/blog\/wp-content\/uploads\/Sortida-2022-05-15-Sortida-botanica.pdf\" target=\"_blank\" rel=\"noopener noreferrer\">Full de sortida<\/a><\/td>\n<\/tr>\n<tr>\n<td width=\"15%\">08-05-2022<\/td>\n<td width=\"50%\">Ermita del Pilar<br \/>\n(Fai\u00f3)<\/td>\n<td width=\"15%\"><\/td>\n<td width=\"20%\"><a href=\"http:\/\/ccelaforadada.cat\/blog\/wp-content\/uploads\/Sortida-2022-05-08-Ermita-del-Pilar-Faio.pdf\" target=\"_blank\" rel=\"noopener noreferrer\">Full de sortida<\/a><\/td>\n<\/tr>\n<tr>\n<td width=\"15%\">24-04-2022<\/td>\n<td width=\"50%\">Roques de Benet<br \/>\n(Horta de Sant Joan)<\/td>\n<td width=\"15%\"><a href=\"https:\/\/photos.app.goo.gl\/gVcb75jBN5SaBwpA6\" target=\"_blank\" rel=\"noopener noreferrer\">Fotos<\/a><\/td>\n<td width=\"20%\"><a href=\"http:\/\/ccelaforadada.cat\/blog\/wp-content\/uploads\/Sortida-2022-04-24-Roques-de-Benet.pdf\" target=\"_blank\" rel=\"noopener noreferrer\">Full de sortida<\/a><\/td>\n<\/tr>\n<tr>\n<td width=\"15%\">26-03-2022<br \/>\n27-03-2022<\/td>\n<td width=\"50%\">Parc Natural dels Ports<br \/>\nCap de semana al refugi Estels del Sud<\/td>\n<td width=\"15%\"><\/td>\n<td width=\"20%\"><a href=\"http:\/\/ccelaforadada.cat\/blog\/wp-content\/uploads\/Sortida-2022-03-26-Parc-Natural-dels-Ports-2.pdf\" target=\"_blank\" rel=\"noopener noreferrer\">Full de sortida<\/a><\/td>\n<\/tr>\n<tr>\n<td width=\"15%\">13-03-2022<\/td>\n<td width=\"50%\">Castell de Sant Jordi d\u2019Alfama<br \/>\n(L\u2019Ametlla de mar)<\/td>\n<td width=\"15%\"><a href=\"https:\/\/photos.app.goo.gl\/U2qE1cwWEfhTYrN97\" target=\"_blank\" rel=\"noopener noreferrer\">Fotos<\/a><\/td>\n<td width=\"20%\"><a href=\"http:\/\/ccelaforadada.cat\/blog\/wp-content\/uploads\/Sortida-2022-03-13-Castell-de-Sant-Jordi-dAlfama.pdf\" target=\"_blank\" rel=\"noopener noreferrer\">Full de sortida<\/a><\/td>\n<\/tr>\n<tr>\n<td width=\"15%\">26-02-2022<br \/>\n27-02-2022<\/td>\n<td width=\"50%\">Raquetes de neu<br \/>\nPic Cuyalaret (2.296 m)<br \/>\nParc Nacional dels Pirineus Francesos. Frontera de El Portalet (Osca).<\/td>\n<td width=\"15%\"><a href=\"https:\/\/photos.app.goo.gl\/oPh77Hko1t7f54KH8\" target=\"_blank\" rel=\"noopener noreferrer\">Fotos<\/a><\/td>\n<td width=\"20%\"><a href=\"http:\/\/ccelaforadada.cat\/blog\/wp-content\/uploads\/Sortida-hivernal-2022.pdf\" target=\"_blank\" rel=\"noopener noreferrer\">Full de sortida<\/a><\/td>\n<\/tr>\n<tr>\n<td width=\"15%\">20-02-2022<\/td>\n<td width=\"50%\">Naixement del riu Cervol<\/td>\n<td width=\"15%\"><a href=\"https:\/\/photos.app.goo.gl\/rjqor5o7oDjH1hfn8\" target=\"_blank\" rel=\"noopener noreferrer\">Fotos<\/a><\/td>\n<td width=\"20%\"><a href=\"http:\/\/ccelaforadada.cat\/blog\/wp-content\/uploads\/Sortida-2022-02-20-Naixement-del-riu-Cervol.pdf\" target=\"_blank\" rel=\"noopener noreferrer\">Full de sortida<\/a><\/td>\n<\/tr>\n<tr>\n<td width=\"15%\">04-02-2022<\/td>\n<td width=\"50%\">Manteniment de senders<\/td>\n<td width=\"15%\"><\/td>\n<td width=\"20%\"><a href=\"http:\/\/ccelaforadada.cat\/blog\/wp-content\/uploads\/Sortida-2022-02-04-Manteniment-de-senders.pdf\" target=\"_blank\" rel=\"noopener noreferrer\">Full de sortida<\/a><\/td>\n<\/tr>\n<tr>\n<td width=\"15%\">30-01-2022<\/td>\n<td width=\"50%\">L\u2019 Encrusa \u2013 Ullals de l\u2019Arispe<\/td>\n<td width=\"15%\"><a href=\"https:\/\/photos.app.goo.gl\/rvbTKQEHJ5nw8p957\" target=\"_blank\" rel=\"noopener noreferrer\">Fotos<\/a><\/td>\n<td width=\"20%\"><a href=\"http:\/\/ccelaforadada.cat\/blog\/wp-content\/uploads\/Sortida-2022-01-30-Ullals-de-lArispe.pdf\" target=\"_blank\" rel=\"noopener noreferrer\">Full de sortida<\/a><\/td>\n<\/tr>\n<tr>\n<td width=\"15%\">21-01-2022<\/td>\n<td width=\"50%\">Neteja de senderes<\/td>\n<td width=\"15%\"><\/td>\n<td width=\"20%\"><a href=\"http:\/\/ccelaforadada.cat\/blog\/wp-content\/uploads\/Sortida-2022-01-21-Neteja-de-senderes.pdf\" target=\"_blank\" rel=\"noopener noreferrer\">Full de sortida<\/a><\/td>\n<\/tr>\n<tr>\n<td width=\"15%\">16-01-2022<\/td>\n<td width=\"50%\">l&#8217; Ereta<\/td>\n<td width=\"15%\"><a href=\"https:\/\/photos.app.goo.gl\/ZbjFHxfhivEganCz9\" target=\"_blank\" rel=\"noopener noreferrer\">Fotos<\/a><\/td>\n<td width=\"20%\"><a href=\"http:\/\/ccelaforadada.cat\/blog\/wp-content\/uploads\/Sortida-2022-01-16-Ereta.pdf\" target=\"_blank\" rel=\"noopener noreferrer\">Full de sortida<\/a><\/td>\n<\/tr>\n<\/tbody>\n<\/table>\n","protected":false},"excerpt":{"rendered":"<p>Calendari del 1\u00ba semestre 2022 Calendari del 2\u00ba semestre 2022 Data Lloc 18-12-2022 Marat\u00f3 TV3 El CCEF participa a la Marat\u00f3 de TV3 a La R\u00e0pita Fotos Full de sortida 27-11-2022 Pinar Pla (Fredes) Fotos Full de sortida 23-11-2022 Neteja de senderes Font de Burg\u00e0 Fotos Full de sortida 20-11-2022 Jornades europees de patrimoni 2022 L&#8217;entorn del municipi de La R\u00e0pita Fotos Full de sortida 13-11-2022 Jornada d&#8217;iniciaci\u00f3 a l&#8217; escalada (Mola Plana, Mola Vilero) Fotos Full de sortida 06-11-2022 Antics camins de la ribera (Dinar del soci) Fotos Full de sortida 29-10-2022 30-10-2022 Sortida de tardor Conca: Ciutat monumental Fotos Full de sortida 22-10-2022 Faig Pare i Pi Gros (Parc Natural dels Ports) Fotos Full de sortida 01-10-2022 La Foradada 75\u00e9 + 1 aniversari de la Agrupaci\u00f3 Musical Rapitenca Full de sortida 24-09-2022 Teixos del Marturi (Parc Natural dels Ports) Fotos Full de sortida 18-09-2022 Ruta dels antics molins (Alcanar) Fotos Full de sortida 10-09-2022 Lluna plena vora mar (GR92) (La R\u00e0pita) Fotos Full de sortida 08-09-2022 Ofrena a la Mare de Deu de La R\u00e0pita Fotos Full de sortida 01-07-2022 02-07-2022 03-07-2022 A\u00f1\u00edsco, Ordesa i Otal (Pirineu Aragones) Fotos Full de sortida 19-06-2022 Serra del Montsi\u00e0 Sortida conjunta amb la penya Setrill de Benicarl\u00f3 Full de sortida 18-06-2022 Inauguraci\u00f3 del tram del GR92 pel seu pas per La R\u00e0pita Fotos Full de sortida 29-05-2022 Penya de Bel (Tinen\u00e7a de Benifass\u00e0) Fotos Full de sortida 15-05-2022 Sortida bot\u00e0nica Cam\u00ed fluvial del riu de La S\u00e9nia \u2013 Toll dels Arenals <a class=\"read-more\" href=\"http:\/\/ccelaforadada.cat\/blog\/sortides-2022\/\">Continue Reading &#8594;<\/a><\/p>\n","protected":false},"author":1,"featured_media":0,"parent":0,"menu_order":0,"comment_status":"closed","ping_status":"closed","template":"","meta":{"footnotes":""},"class_list":["post-1408","page","type-page","status-publish","hentry"],"_links":{"self":[{"href":"http:\/\/ccelaforadada.cat\/blog\/wp-json\/wp\/v2\/pages\/1408","targetHints":{"allow":["GET"]}}],"collection":[{"href":"http:\/\/ccelaforadada.cat\/blog\/wp-json\/wp\/v2\/pages"}],"about":[{"href":"http:\/\/ccelaforadada.cat\/blog\/wp-json\/wp\/v2\/types\/page"}],"author":[{"embeddable":true,"href":"http:\/\/ccelaforadada.cat\/blog\/wp-json\/wp\/v2\/users\/1"}],"replies":[{"embeddable":true,"href":"http:\/\/ccelaforadada.cat\/blog\/wp-json\/wp\/v2\/comments?post=1408"}],"version-history":[{"count":65,"href":"http:\/\/ccelaforadada.cat\/blog\/wp-json\/wp\/v2\/pages\/1408\/revisions"}],"predecessor-version":[{"id":1574,"href":"http:\/\/ccelaforadada.cat\/blog\/wp-json\/wp\/v2\/pages\/1408\/revisions\/1574"}],"wp:attachment":[{"href":"http:\/\/ccelaforadada.cat\/blog\/wp-json\/wp\/v2\/media?parent=1408"}],"curies":[{"name":"wp","href":"https:\/\/api.w.org\/{rel}","templated":true}]}}