{"id":1337,"date":"2021-12-07T16:38:38","date_gmt":"2021-12-07T15:38:38","guid":{"rendered":"http:\/\/ccelaforadada.cat\/blog\/?page_id=1337"},"modified":"2021-12-25T20:20:24","modified_gmt":"2021-12-25T19:20:24","slug":"sortides-2021","status":"publish","type":"page","link":"http:\/\/ccelaforadada.cat\/blog\/sortides-2021\/","title":{"rendered":"Sortides 2021"},"content":{"rendered":"<p><a title=\"Clic per a descarregar el calendari\" href=\"http:\/\/ccelaforadada.cat\/blog\/wp-content\/uploads\/cal_2021_2.pdf\" target=\"_blank\" rel=\"noopener noreferrer\">Calendari del 2\u00ba semestre 2021<\/a><br \/>\n<!----------------------------------------------------------------------------------------------- Tabla: Sortides del 2021 --------------------------------------------------------------------------------------------------------------------------><\/p>\n<table border=\"4\" cellspacing=\"2\">\n<tbody>\n<tr>\n<th scope=\"col\">Data<\/th>\n<th scope=\"col\">Lloc<\/th>\n<th scope=\"col\"><\/th>\n<th scope=\"col\"><\/th>\n<\/tr>\n<tr>\n<td width=\"15%\">19-12-2021<\/td>\n<td width=\"50%\">Barraques de pedra seca<br \/>\n(Terme del Rosell)<\/td>\n<td width=\"15%\"><a href=\"https:\/\/photos.app.goo.gl\/m9MiZHPcbaBGg9N7A\" target=\"_blank\" rel=\"noopener noreferrer\">Fotos<\/a><\/td>\n<td width=\"20%\"><a href=\"http:\/\/ccelaforadada.cat\/blog\/wp-content\/uploads\/Sortida-2021-12-19-Barraques-de-pedra-seca-Rosell.pdf\" target=\"_blank\" rel=\"noopener noreferrer\">Full de sortida<\/a><\/td>\n<\/tr>\n<tr>\n<td width=\"15%\">12-12-2021<\/td>\n<td width=\"50%\">Participaci\u00f3 a la marat\u00f3 de TV3<br \/>\nRuta circular pel terme de la R\u00e0pita<\/td>\n<td width=\"15%\"><a href=\"https:\/\/photos.app.goo.gl\/Aa2nAKiqaKB5A8E8A\" target=\"_blank\" rel=\"noopener noreferrer\">Fotos<\/a><\/td>\n<td width=\"20%\"><a href=\"http:\/\/ccelaforadada.cat\/blog\/wp-content\/uploads\/Sortida-2021-12-12-Marato-TV3.pdf\" target=\"_blank\" rel=\"noopener noreferrer\">Full de sortida<\/a><\/td>\n<\/tr>\n<tr>\n<td width=\"15%\">21-11-2021<\/td>\n<td width=\"50%\">Jornades europees del patrimoni 2021<br \/>\nEl patrimoni entorn a les oliveres mil\u00b7len\u00e0ries al terme de La R\u00e0pita<\/td>\n<td width=\"15%\"><a href=\"https:\/\/photos.app.goo.gl\/cffDPo6vtr68B3W87\" target=\"_blank\" rel=\"noopener noreferrer\">Fotos<\/a><\/td>\n<td width=\"20%\"><a href=\"http:\/\/ccelaforadada.cat\/blog\/wp-content\/uploads\/Jornades-europees-del-patrimoni-2021-La-Rapita.pdf\" target=\"_blank\" rel=\"noopener noreferrer\">Full de sortida<\/a><\/td>\n<\/tr>\n<tr>\n<td width=\"15%\">24-10-2021<\/td>\n<td width=\"50%\">Alcossebre vora mar<\/td>\n<td width=\"15%\"><a href=\"https:\/\/photos.app.goo.gl\/m3d63YHumgMjJ1VP9\" target=\"_blank\" rel=\"noopener noreferrer\">Fotos<\/a><\/td>\n<td width=\"20%\"><a href=\"http:\/\/ccelaforadada.cat\/blog\/wp-content\/uploads\/Sortida-2021-10-24-Alcossebre.pdf\" target=\"_blank\" rel=\"noopener noreferrer\">Full de sortida<\/a><\/td>\n<\/tr>\n<tr>\n<td width=\"15%\">10-10-2021<\/td>\n<td width=\"50%\">Cami fluvial del riu Senia<\/td>\n<td width=\"15%\"><a href=\"https:\/\/photos.app.goo.gl\/i6FATyfD4otMvuZf7\" target=\"_blank\" rel=\"noopener noreferrer\">Fotos<\/a><\/td>\n<td width=\"20%\"><a href=\"http:\/\/ccelaforadada.cat\/blog\/wp-content\/uploads\/Sortida-2021-10-10-Cami-fluvial-del-riu-Senia.pdf\" target=\"_blank\" rel=\"noopener noreferrer\">Full de sortida<\/a><\/td>\n<\/tr>\n<tr>\n<td width=\"15%\">26-09-2021<\/td>\n<td width=\"50%\">Antiga via de la Val de Zaf\u00e1n<br \/>\nEstaci\u00f3 de Pinell de Brai \u2013 La Fontcalda<\/td>\n<td width=\"15%\"><a href=\"https:\/\/photos.app.goo.gl\/7siRLopzE2dgYBNx7\" target=\"_blank\" rel=\"noopener noreferrer\">Fotos<\/a><\/td>\n<td width=\"20%\"><a href=\"http:\/\/ccelaforadada.cat\/blog\/wp-content\/uploads\/Sortida-2021-09-26-Antiga-via-de-la-Val-de-Zafan.pdf\" target=\"_blank\" rel=\"noopener noreferrer\">Full de sortida<\/a><\/td>\n<\/tr>\n<tr>\n<td width=\"15%\">18-09-2021<\/td>\n<td width=\"50%\">Lluna plena vora mar<br \/>\n(Terme de La R\u00e0pita)<\/td>\n<td width=\"15%\"><a href=\"https:\/\/photos.app.goo.gl\/VKtVdA8vLPCgdyu88\" target=\"_blank\" rel=\"noopener noreferrer\">Fotos<\/a><\/td>\n<td width=\"20%\"><a href=\"http:\/\/ccelaforadada.cat\/blog\/wp-content\/uploads\/Sortida-2021-09-18-Lluna-plena-vora-mar.pdf\" target=\"_blank\" rel=\"noopener noreferrer\">Full de sortida<\/a><\/td>\n<\/tr>\n<\/tbody>\n<\/table>\n","protected":false},"excerpt":{"rendered":"<p>Calendari del 2\u00ba semestre 2021 Data Lloc 19-12-2021 Barraques de pedra seca (Terme del Rosell) Fotos Full de sortida 12-12-2021 Participaci\u00f3 a la marat\u00f3 de TV3 Ruta circular pel terme de la R\u00e0pita Fotos Full de sortida 21-11-2021 Jornades europees del patrimoni 2021 El patrimoni entorn a les oliveres mil\u00b7len\u00e0ries al terme de La R\u00e0pita Fotos Full de sortida 24-10-2021 Alcossebre vora mar Fotos Full de sortida 10-10-2021 Cami fluvial del riu Senia Fotos Full de sortida 26-09-2021 Antiga via de la Val de Zaf\u00e1n Estaci\u00f3 de Pinell de Brai \u2013 La Fontcalda Fotos Full de sortida 18-09-2021 Lluna plena vora mar (Terme de La R\u00e0pita) Fotos Full de sortida<\/p>\n","protected":false},"author":1,"featured_media":0,"parent":0,"menu_order":0,"comment_status":"closed","ping_status":"closed","template":"","meta":{"footnotes":""},"class_list":["post-1337","page","type-page","status-publish","hentry"],"_links":{"self":[{"href":"http:\/\/ccelaforadada.cat\/blog\/wp-json\/wp\/v2\/pages\/1337","targetHints":{"allow":["GET"]}}],"collection":[{"href":"http:\/\/ccelaforadada.cat\/blog\/wp-json\/wp\/v2\/pages"}],"about":[{"href":"http:\/\/ccelaforadada.cat\/blog\/wp-json\/wp\/v2\/types\/page"}],"author":[{"embeddable":true,"href":"http:\/\/ccelaforadada.cat\/blog\/wp-json\/wp\/v2\/users\/1"}],"replies":[{"embeddable":true,"href":"http:\/\/ccelaforadada.cat\/blog\/wp-json\/wp\/v2\/comments?post=1337"}],"version-history":[{"count":24,"href":"http:\/\/ccelaforadada.cat\/blog\/wp-json\/wp\/v2\/pages\/1337\/revisions"}],"predecessor-version":[{"id":1405,"href":"http:\/\/ccelaforadada.cat\/blog\/wp-json\/wp\/v2\/pages\/1337\/revisions\/1405"}],"wp:attachment":[{"href":"http:\/\/ccelaforadada.cat\/blog\/wp-json\/wp\/v2\/media?parent=1337"}],"curies":[{"name":"wp","href":"https:\/\/api.w.org\/{rel}","templated":true}]}}