{"id":1297,"date":"2020-03-16T16:45:22","date_gmt":"2020-03-16T15:45:22","guid":{"rendered":"http:\/\/ccelaforadada.cat\/blog\/?page_id=1297"},"modified":"2020-03-16T17:46:30","modified_gmt":"2020-03-16T16:46:30","slug":"sortides-2020","status":"publish","type":"page","link":"http:\/\/ccelaforadada.cat\/blog\/sortides-2020\/","title":{"rendered":"Sortides 2020"},"content":{"rendered":"<p><!------------------------------------------------------------------------------------------------------------------------- Tabla: Pr\u00f3xima sortida --------------------------------------------------------------------------------------------------------------------------><\/p>\n<table border=\"4\" cellspacing=\"2\">\n<tbody>\n<tr>\n<th colspan=\"3\">\n<h3><strong><span style=\"color: #09710d;\">Pr\u00f2xima sortida<\/span><\/strong><\/h3>\n<\/th>\n<\/tr>\n<tr>\n<th scope=\"col\">Data<\/th>\n<th scope=\"col\">Lloc<\/th>\n<th scope=\"col\"><\/th>\n<\/tr>\n<tr>\n<td width=\"15%\"><\/td>\n<td width=\"65%\">Benvolguts socis\/ies,<\/p>\n<p>Us informem que davant la situaci\u00f3 d&#8217;emerg\u00e8ncia generada per l&#8217;afectaci\u00f3 del COVID-19, el Club Centre Excursionista la Foradada recomana cenyir-se a les directrius publicades des del Govern de la Generalitat de Catalunya i mantenir les restriccions indicades en activitats esportives i socials els pr\u00f2xims dies.<\/p>\n<p>Per aquest motiu les reunions setmanals i el calendari de sortides 2020 queden suspesos a l&#8217;espera de l&#8217;evoluci\u00f3 de la pand\u00e8mia generada pel COVID-19.<\/p>\n<p>Gr\u00e0cies per la col\u00b7laboraci\u00f3 i la compressi\u00f3.<\/td>\n<td width=\"20%\"><\/td>\n<\/tr>\n<\/tbody>\n<\/table>\n<hr style=\"background: #800000; border: 0; height: 3px;\">\n<h3><span style=\"color: #800000;\">Sortides realitzades<\/span><\/h3>\n<hr style=\"background: #800000; border: 0; height: 3px;\">\n<p><a title=\"Clic per a descarregar el calendari\" href=\"http:\/\/ccelaforadada.cat\/blog\/wp-content\/uploads\/cal_2020_1.pdf\" target=\"_blank\" rel=\"noopener noreferrer\">Calendari del 1\u00ba semestre 2020<\/a><\/p>\n<p><!----------------------------------------------------------------------------------------------- Tabla: Sortides del 2020 --------------------------------------------------------------------------------------------------------------------------><\/p>\n<table border=\"4\" cellspacing=\"2\">\n<tbody>\n<tr>\n<th scope=\"col\">Data<\/th>\n<th scope=\"col\">Lloc<\/th>\n<th scope=\"col\"><\/th>\n<th scope=\"col\"><\/th>\n<\/tr>\n<tr>\n<td width=\"15%\">22-03-2020<\/td>\n<td width=\"50%\">Roques de Benet.<br \/>\n\u00c0rea de la Franqueta (Horta de Sant Joan)<br \/>\n<span style=\"color: #ff0000;\">Sortida ajornada<\/span><\/td>\n<td width=\"15%\"><\/td>\n<td width=\"20%\"><\/td>\n<\/tr>\n<tr>\n<td width=\"15%\">15-03-2020<\/td>\n<td width=\"50%\">Inauguraci\u00f3 del tram del GR92 pel seu pas per les terres de l&#8217;Ebre.<br \/>\n<span style=\"color: #ff0000;\">Inauguraci\u00f3 ajornada<\/span><\/td>\n<td width=\"15%\"><\/td>\n<td width=\"20%\"><\/td>\n<\/tr>\n<tr>\n<td width=\"15%\">08-03-2020<\/td>\n<td width=\"50%\">Antiga via verda del mar.<br \/>\nOropesa &#8211; Benicass\u00edm<\/td>\n<td width=\"15%\"><\/td>\n<td width=\"20%\"><a href=\"http:\/\/ccelaforadada.cat\/blog\/wp-content\/uploads\/Sortida-2020-03-08-Oropesa-Benicassim.pdf\" target=\"_blank\" rel=\"noopener noreferrer\">Full de sortida<\/a><\/td>\n<\/tr>\n<tr>\n<td width=\"15%\">29-02-2020<br \/>\n01-03-2020<\/td>\n<td width=\"50%\">Sortida hivernal amb raquetes de neu<br \/>\nRefugi Comes de Rubi\u00f3 (1.980m)<br \/>\nTorreta de l&#8217;Orri (2.439m).<br \/>\n(Pallars Sobir\u00e0)<\/td>\n<td width=\"15%\"><\/td>\n<td width=\"20%\"><a href=\"http:\/\/ccelaforadada.cat\/blog\/wp-content\/uploads\/Sortida-2020-02-29-Raquetes-de-neu.pdf\" target=\"_blank\" rel=\"noopener noreferrer\">Full de sortida<\/a><\/td>\n<\/tr>\n<tr>\n<td width=\"15%\">23-02-2020<\/td>\n<td width=\"50%\">Camins de ronda vora lligallo del Mar<br \/>\n(la R\u00e0pita)<\/td>\n<td width=\"15%\"><\/td>\n<td width=\"20%\"><a href=\"http:\/\/ccelaforadada.cat\/blog\/wp-content\/uploads\/Sortida-2020-02-23-Camins-de-ronda-vora-lligallo-del-mar.pdf\" target=\"_blank\" rel=\"noopener noreferrer\">Full de sortida<\/a><\/td>\n<\/tr>\n<tr>\n<td width=\"15%\">16-02-2020<\/td>\n<td width=\"50%\">Neteja de senderes<br \/>\nSendera lo Carregador \u2013 Bassa La Galla<\/td>\n<td width=\"15%\"><\/td>\n<td width=\"20%\"><a href=\"http:\/\/ccelaforadada.cat\/blog\/wp-content\/uploads\/Sortida-2020-02-16-Neteja-de-senderes-Bassa-la-Galla.pdf\" target=\"_blank\" rel=\"noopener noreferrer\">Full de sortida<\/a><\/td>\n<\/tr>\n<tr>\n<td width=\"15%\">02-02-2020<\/td>\n<td width=\"50%\">Monestir de Montserrat<br \/>\nVisita cultural i cam\u00ed a la Santa Cova.<\/td>\n<td width=\"15%\"><\/td>\n<td width=\"20%\"><a href=\"http:\/\/ccelaforadada.cat\/blog\/wp-content\/uploads\/Sortida-2020-02-02-Monestir-de-Montserrat.pdf\" target=\"_blank\" rel=\"noopener noreferrer\">Full de sortida<\/a><\/td>\n<\/tr>\n<tr>\n<td width=\"15%\">26-01-2020<\/td>\n<td width=\"50%\">La Cova Pintada i Rac\u00f3 del Moro<br \/>\n(Barranc de Lloret)<\/td>\n<td width=\"15%\"><\/td>\n<td width=\"20%\"><a href=\"http:\/\/ccelaforadada.cat\/blog\/wp-content\/uploads\/Sortida-2020-01-26-Cova-Pintada-Rac\u00f3-del-Moro.pdf\" target=\"_blank\" rel=\"noopener noreferrer\">Full de sortida<\/a><\/td>\n<\/tr>\n<tr>\n<td width=\"15%\">12-01-2020<\/td>\n<td width=\"50%\">Pels voltants d&#8217;alcanar<br \/>\nAlcanar \u2013 Ermita del Remei \u2013 La Drecera<\/td>\n<td width=\"15%\"><\/td>\n<td width=\"20%\"><a href=\"http:\/\/ccelaforadada.cat\/blog\/wp-content\/uploads\/Sortida-2020-01-12-Alcanar.pdf\" target=\"_blank\" rel=\"noopener noreferrer\">Full de sortida<\/a><\/td>\n<\/tr>\n<\/tbody>\n<\/table>\n","protected":false},"excerpt":{"rendered":"<p>Pr\u00f2xima sortida Data Lloc Benvolguts socis\/ies, Us informem que davant la situaci\u00f3 d&#8217;emerg\u00e8ncia generada per l&#8217;afectaci\u00f3 del COVID-19, el Club Centre Excursionista la Foradada recomana cenyir-se a les directrius publicades des del Govern de la Generalitat de Catalunya i mantenir les restriccions indicades en activitats esportives i socials els pr\u00f2xims dies. Per aquest motiu les reunions setmanals i el calendari de sortides 2020 queden suspesos a l&#8217;espera de l&#8217;evoluci\u00f3 de la pand\u00e8mia generada pel COVID-19. Gr\u00e0cies per la col\u00b7laboraci\u00f3 i la compressi\u00f3. Sortides realitzades Calendari del 1\u00ba semestre 2020 Data Lloc 22-03-2020 Roques de Benet. \u00c0rea de la Franqueta (Horta de Sant Joan) Sortida ajornada 15-03-2020 Inauguraci\u00f3 del tram del GR92 pel seu pas per les terres de l&#8217;Ebre. Inauguraci\u00f3 ajornada 08-03-2020 Antiga via verda del mar. Oropesa &#8211; Benicass\u00edm Full de sortida 29-02-2020 01-03-2020 Sortida hivernal amb raquetes de neu Refugi Comes de Rubi\u00f3 (1.980m) Torreta de l&#8217;Orri (2.439m). (Pallars Sobir\u00e0) Full de sortida 23-02-2020 Camins de ronda vora lligallo del Mar (la R\u00e0pita) Full de sortida 16-02-2020 Neteja de senderes Sendera lo Carregador \u2013 Bassa La Galla Full de sortida 02-02-2020 Monestir de Montserrat Visita cultural i cam\u00ed a la Santa Cova. Full de sortida 26-01-2020 La Cova Pintada i Rac\u00f3 del Moro (Barranc de Lloret) Full de sortida 12-01-2020 Pels voltants d&#8217;alcanar Alcanar \u2013 Ermita del Remei \u2013 La Drecera Full de sortida<\/p>\n","protected":false},"author":1,"featured_media":0,"parent":0,"menu_order":0,"comment_status":"closed","ping_status":"closed","template":"","meta":{"footnotes":""},"class_list":["post-1297","page","type-page","status-publish","hentry"],"_links":{"self":[{"href":"http:\/\/ccelaforadada.cat\/blog\/wp-json\/wp\/v2\/pages\/1297","targetHints":{"allow":["GET"]}}],"collection":[{"href":"http:\/\/ccelaforadada.cat\/blog\/wp-json\/wp\/v2\/pages"}],"about":[{"href":"http:\/\/ccelaforadada.cat\/blog\/wp-json\/wp\/v2\/types\/page"}],"author":[{"embeddable":true,"href":"http:\/\/ccelaforadada.cat\/blog\/wp-json\/wp\/v2\/users\/1"}],"replies":[{"embeddable":true,"href":"http:\/\/ccelaforadada.cat\/blog\/wp-json\/wp\/v2\/comments?post=1297"}],"version-history":[{"count":9,"href":"http:\/\/ccelaforadada.cat\/blog\/wp-json\/wp\/v2\/pages\/1297\/revisions"}],"predecessor-version":[{"id":1333,"href":"http:\/\/ccelaforadada.cat\/blog\/wp-json\/wp\/v2\/pages\/1297\/revisions\/1333"}],"wp:attachment":[{"href":"http:\/\/ccelaforadada.cat\/blog\/wp-json\/wp\/v2\/media?parent=1297"}],"curies":[{"name":"wp","href":"https:\/\/api.w.org\/{rel}","templated":true}]}}